{"id":745,"date":"2023-12-14T15:08:39","date_gmt":"2023-12-14T14:08:39","guid":{"rendered":"https:\/\/www.atelierpaysage.be\/?page_id=745"},"modified":"2026-01-07T11:04:43","modified_gmt":"2026-01-07T10:04:43","slug":"prix-et-publications","status":"publish","type":"page","link":"https:\/\/www.atelierpaysage.be\/?page_id=745","title":{"rendered":"Prix et publications"},"content":{"rendered":"\n<p class=\"has-vivid-red-color has-text-color has-link-color has-objektiv-mk-3-font-family wp-elements-34ef11f32816bda5c5b129cf83d07a90\" style=\"margin-top:0;margin-right:0;margin-bottom:0;margin-left:0;padding-top:0;padding-right:0;padding-bottom:0;padding-left:0;font-size:1.2rem;font-style:normal;font-weight:400\">PRIX<\/p>\n\n\n\n<div style=\"height:0px\" aria-hidden=\"true\" class=\"wp-block-spacer\"><\/div>\n\n\n\n<div class=\"wp-block-columns is-layout-flex wp-container-core-columns-is-layout-1 wp-block-columns-is-layout-flex\">\n<div class=\"wp-block-column is-layout-flow wp-block-column-is-layout-flow\">\n<figure class=\"wp-block-image size-full is-resized\"><img loading=\"lazy\" decoding=\"async\" width=\"1862\" height=\"1016\" src=\"https:\/\/www.atelierpaysage.be\/wp-content\/uploads\/2024\/01\/AtelierPaysage_Prix_2.jpg\" alt=\"\" class=\"wp-image-1488\" style=\"width:300px\" srcset=\"https:\/\/www.atelierpaysage.be\/wp-content\/uploads\/2024\/01\/AtelierPaysage_Prix_2.jpg 1862w, https:\/\/www.atelierpaysage.be\/wp-content\/uploads\/2024\/01\/AtelierPaysage_Prix_2-400x218.jpg 400w, https:\/\/www.atelierpaysage.be\/wp-content\/uploads\/2024\/01\/AtelierPaysage_Prix_2-1024x559.jpg 1024w, https:\/\/www.atelierpaysage.be\/wp-content\/uploads\/2024\/01\/AtelierPaysage_Prix_2-768x419.jpg 768w, https:\/\/www.atelierpaysage.be\/wp-content\/uploads\/2024\/01\/AtelierPaysage_Prix_2-1536x838.jpg 1536w\" sizes=\"(max-width: 1862px) 100vw, 1862px\" \/><\/figure>\n<\/div>\n\n\n\n<div class=\"wp-block-column is-layout-flow wp-block-column-is-layout-flow\" style=\"flex-basis:50%\">\n<div style=\"height:110px\" aria-hidden=\"true\" class=\"wp-block-spacer\"><\/div>\n\n\n\n<p class=\"has-objektiv-mk-3-font-family\" style=\"margin-top:0;margin-right:0;margin-bottom:0;margin-left:0;padding-top:0;padding-right:0;padding-bottom:0;padding-left:0;font-size:0.8rem;font-style:normal;font-weight:400\">Grand Prix d\u2019Architecture de Wallonie 2023<\/p>\n\n\n\n<p class=\"has-objektiv-mk-3-font-family\" style=\"margin-top:0;margin-right:0;margin-bottom:0;margin-left:0;padding-top:0;padding-right:0;padding-bottom:0;padding-left:0;font-size:0.8rem;font-style:normal;font-weight:400\">Zone humide de Chevetogne<\/p>\n\n\n\n<p class=\"has-objektiv-mk-3-font-family\" style=\"margin-top:0;margin-right:0;margin-bottom:0;margin-left:0;padding-top:0;padding-right:0;padding-bottom:0;padding-left:0;font-size:0.8rem;font-style:normal;font-weight:400\">Laur\u00e9at dans la cat\u00e9gorie \u00ab\u00a0Espace urbanis\u00e9\u00a0\u00bb<\/p>\n<\/div>\n<\/div>\n\n\n\n<div class=\"wp-block-columns is-layout-flex wp-container-core-columns-is-layout-2 wp-block-columns-is-layout-flex\">\n<div class=\"wp-block-column is-layout-flow wp-block-column-is-layout-flow\">\n<figure class=\"wp-block-image size-full is-resized\"><img loading=\"lazy\" decoding=\"async\" width=\"899\" height=\"679\" src=\"https:\/\/www.atelierpaysage.be\/wp-content\/uploads\/2023\/12\/AtelierPaysage_Prix_3.jpg\" alt=\"\" class=\"wp-image-1217\" style=\"width:300px\" srcset=\"https:\/\/www.atelierpaysage.be\/wp-content\/uploads\/2023\/12\/AtelierPaysage_Prix_3.jpg 899w, https:\/\/www.atelierpaysage.be\/wp-content\/uploads\/2023\/12\/AtelierPaysage_Prix_3-400x302.jpg 400w, https:\/\/www.atelierpaysage.be\/wp-content\/uploads\/2023\/12\/AtelierPaysage_Prix_3-768x580.jpg 768w\" sizes=\"(max-width: 899px) 100vw, 899px\" \/><\/figure>\n<\/div>\n\n\n\n<div class=\"wp-block-column is-layout-flow wp-block-column-is-layout-flow\" style=\"flex-basis:50%\">\n<div style=\"height:170px\" aria-hidden=\"true\" class=\"wp-block-spacer\"><\/div>\n\n\n\n<p class=\"has-objektiv-mk-3-font-family\" style=\"margin-top:0;margin-right:0;margin-bottom:0;margin-left:0;padding-top:0;padding-right:0;padding-bottom:0;padding-left:0;font-size:0.8rem;font-style:normal;font-weight:400\">European Union Prize for Contempory Architecture MIES VAN DER ROHE 2022<\/p>\n\n\n\n<p class=\"has-objektiv-mk-3-font-family\" style=\"margin-top:0;margin-right:0;margin-bottom:0;margin-left:0;padding-top:0;padding-right:0;padding-bottom:0;padding-left:0;font-size:0.8rem;font-style:normal;font-weight:400\">Zone humide de Chevetogne &#8211; Projet nomin\u00e9<\/p>\n<\/div>\n<\/div>\n\n\n\n<div class=\"wp-block-columns is-layout-flex wp-container-core-columns-is-layout-3 wp-block-columns-is-layout-flex\">\n<div class=\"wp-block-column is-layout-flow wp-block-column-is-layout-flow\">\n<figure class=\"wp-block-image size-full is-resized\"><img loading=\"lazy\" decoding=\"async\" width=\"1748\" height=\"1240\" src=\"https:\/\/www.atelierpaysage.be\/wp-content\/uploads\/2024\/01\/AtelierPaysage_Prix_5.jpg\" alt=\"\" class=\"wp-image-1489\" style=\"width:300px\" srcset=\"https:\/\/www.atelierpaysage.be\/wp-content\/uploads\/2024\/01\/AtelierPaysage_Prix_5.jpg 1748w, https:\/\/www.atelierpaysage.be\/wp-content\/uploads\/2024\/01\/AtelierPaysage_Prix_5-400x284.jpg 400w, https:\/\/www.atelierpaysage.be\/wp-content\/uploads\/2024\/01\/AtelierPaysage_Prix_5-1024x726.jpg 1024w, https:\/\/www.atelierpaysage.be\/wp-content\/uploads\/2024\/01\/AtelierPaysage_Prix_5-768x545.jpg 768w, https:\/\/www.atelierpaysage.be\/wp-content\/uploads\/2024\/01\/AtelierPaysage_Prix_5-1536x1090.jpg 1536w\" sizes=\"(max-width: 1748px) 100vw, 1748px\" \/><\/figure>\n<\/div>\n\n\n\n<div class=\"wp-block-column is-layout-flow wp-block-column-is-layout-flow\" style=\"flex-basis:50%\">\n<div style=\"height:159px\" aria-hidden=\"true\" class=\"wp-block-spacer\"><\/div>\n\n\n\n<p class=\"has-objektiv-mk-3-font-family\" style=\"margin-top:0;margin-right:0;margin-bottom:0;margin-left:0;padding-top:0;padding-right:0;padding-bottom:0;padding-left:0;font-size:0.8rem;font-style:normal;font-weight:400\">Concours \u00ab Blue Stone Design Awards \u00bb 2020<\/p>\n\n\n\n<p class=\"has-objektiv-mk-3-font-family\" style=\"margin-top:0;margin-right:0;margin-bottom:0;margin-left:0;padding-top:0;padding-right:0;padding-bottom:0;padding-left:0;font-size:0.8rem;font-style:normal;font-weight:400\">Le projet \u00abHEXAPIERRE\u00bb<\/p>\n\n\n\n<p class=\"has-objektiv-mk-3-font-family\" style=\"margin-top:0;margin-right:0;margin-bottom:0;margin-left:0;padding-top:0;padding-right:0;padding-bottom:0;padding-left:0;font-size:0.8rem;font-style:normal;font-weight:400\">Laur\u00e9at de la pierre bleue d\u2019or<\/p>\n<\/div>\n<\/div>\n\n\n\n<div class=\"wp-block-columns is-layout-flex wp-container-core-columns-is-layout-4 wp-block-columns-is-layout-flex\">\n<div class=\"wp-block-column is-layout-flow wp-block-column-is-layout-flow\">\n<figure class=\"wp-block-image size-full is-resized\"><img loading=\"lazy\" decoding=\"async\" width=\"1862\" height=\"1016\" src=\"https:\/\/www.atelierpaysage.be\/wp-content\/uploads\/2024\/01\/AtelierPaysage_Prix_4.jpg\" alt=\"\" class=\"wp-image-1487\" style=\"width:300px\" srcset=\"https:\/\/www.atelierpaysage.be\/wp-content\/uploads\/2024\/01\/AtelierPaysage_Prix_4.jpg 1862w, https:\/\/www.atelierpaysage.be\/wp-content\/uploads\/2024\/01\/AtelierPaysage_Prix_4-400x218.jpg 400w, https:\/\/www.atelierpaysage.be\/wp-content\/uploads\/2024\/01\/AtelierPaysage_Prix_4-1024x559.jpg 1024w, https:\/\/www.atelierpaysage.be\/wp-content\/uploads\/2024\/01\/AtelierPaysage_Prix_4-768x419.jpg 768w, https:\/\/www.atelierpaysage.be\/wp-content\/uploads\/2024\/01\/AtelierPaysage_Prix_4-1536x838.jpg 1536w\" sizes=\"(max-width: 1862px) 100vw, 1862px\" \/><\/figure>\n<\/div>\n\n\n\n<div class=\"wp-block-column is-layout-flow wp-block-column-is-layout-flow\" style=\"flex-basis:50%\">\n<div style=\"height:103px\" aria-hidden=\"true\" class=\"wp-block-spacer\"><\/div>\n\n\n\n<p class=\"has-objektiv-mk-3-font-family\" style=\"margin-top:0;margin-right:0;margin-bottom:0;margin-left:0;padding-top:0;padding-right:0;padding-bottom:0;padding-left:0;font-size:0.8rem;font-style:normal;font-weight:400\">Grand Prix d\u2019Architecture de Wallonie 2019<br>Espace Winson \u00e0 Fosses-la-Ville <\/p>\n\n\n\n<p class=\"has-objektiv-mk-3-font-family\" style=\"margin-top:0;margin-right:0;margin-bottom:0;margin-left:0;padding-top:0;padding-right:0;padding-bottom:0;padding-left:0;font-size:0.8rem;font-style:normal;font-weight:400\">Laur\u00e9at dans la cat\u00e9gorie \u00ab\u00a0Patrimoine\u00a0\u00bb<\/p>\n<\/div>\n<\/div>\n\n\n\n<div class=\"wp-block-columns is-layout-flex wp-container-core-columns-is-layout-5 wp-block-columns-is-layout-flex\">\n<div class=\"wp-block-column is-layout-flow wp-block-column-is-layout-flow\">\n<figure class=\"wp-block-image size-full is-resized\"><img loading=\"lazy\" decoding=\"async\" width=\"907\" height=\"602\" src=\"https:\/\/www.atelierpaysage.be\/wp-content\/uploads\/2023\/12\/AtelierPaysage_Prix_1.jpg\" alt=\"\" class=\"wp-image-1216\" style=\"width:300px\" srcset=\"https:\/\/www.atelierpaysage.be\/wp-content\/uploads\/2023\/12\/AtelierPaysage_Prix_1.jpg 907w, https:\/\/www.atelierpaysage.be\/wp-content\/uploads\/2023\/12\/AtelierPaysage_Prix_1-400x265.jpg 400w, https:\/\/www.atelierpaysage.be\/wp-content\/uploads\/2023\/12\/AtelierPaysage_Prix_1-768x510.jpg 768w\" sizes=\"(max-width: 907px) 100vw, 907px\" \/><\/figure>\n<\/div>\n\n\n\n<div class=\"wp-block-column is-layout-flow wp-block-column-is-layout-flow\" style=\"flex-basis:50%\">\n<div style=\"height:142px\" aria-hidden=\"true\" class=\"wp-block-spacer\"><\/div>\n\n\n\n<p class=\"has-objektiv-mk-3-font-family\" style=\"margin-top:0;margin-right:0;margin-bottom:0;margin-left:0;padding-top:0;padding-right:0;padding-bottom:0;padding-left:0;font-size:0.8rem;font-style:normal;font-weight:400\">European Union Prize for Contempory Architecture MIES VAN DER ROHE 2019<\/p>\n\n\n\n<p class=\"has-objektiv-mk-3-font-family\" style=\"margin-top:0;margin-right:0;margin-bottom:0;margin-left:0;padding-top:0;padding-right:0;padding-bottom:0;padding-left:0;font-size:0.8rem;font-style:normal;font-weight:400\">Espace Winson \u00e0 Fosses-la-Ville &#8211; Projet nomin\u00e9<\/p>\n<\/div>\n<\/div>\n\n\n\n<div style=\"height:160px\" aria-hidden=\"true\" class=\"wp-block-spacer\"><\/div>\n\n\n\n<p class=\"has-vivid-red-color has-text-color has-link-color has-objektiv-mk-3-font-family wp-elements-fe5f4389a52de72cd42ac3cccc277e98\" style=\"font-size:1.2rem;font-style:normal;font-weight:400\">PUBLICATIONS<\/p>\n\n\n\n<div class=\"wp-block-columns is-layout-flex wp-container-core-columns-is-layout-6 wp-block-columns-is-layout-flex\">\n<div class=\"wp-block-column is-layout-flow wp-block-column-is-layout-flow\">\n<figure class=\"wp-block-image size-full is-resized\"><a href=\"https:\/\/www.atelierpaysage.be\/wp-content\/uploads\/2024\/08\/IMG_20240807_122959_edit_1019101248472617-scaled.jpg\"><img loading=\"lazy\" decoding=\"async\" width=\"2560\" height=\"2494\" src=\"https:\/\/www.atelierpaysage.be\/wp-content\/uploads\/2024\/08\/IMG_20240807_122959_edit_1019101248472617-scaled.jpg\" alt=\"\" class=\"wp-image-2111\" style=\"width:144px;height:auto\" srcset=\"https:\/\/www.atelierpaysage.be\/wp-content\/uploads\/2024\/08\/IMG_20240807_122959_edit_1019101248472617-scaled.jpg 2560w, https:\/\/www.atelierpaysage.be\/wp-content\/uploads\/2024\/08\/IMG_20240807_122959_edit_1019101248472617-400x390.jpg 400w, https:\/\/www.atelierpaysage.be\/wp-content\/uploads\/2024\/08\/IMG_20240807_122959_edit_1019101248472617-1024x998.jpg 1024w, https:\/\/www.atelierpaysage.be\/wp-content\/uploads\/2024\/08\/IMG_20240807_122959_edit_1019101248472617-768x748.jpg 768w, https:\/\/www.atelierpaysage.be\/wp-content\/uploads\/2024\/08\/IMG_20240807_122959_edit_1019101248472617-1536x1497.jpg 1536w, https:\/\/www.atelierpaysage.be\/wp-content\/uploads\/2024\/08\/IMG_20240807_122959_edit_1019101248472617-2048x1995.jpg 2048w\" sizes=\"(max-width: 2560px) 100vw, 2560px\" \/><\/a><\/figure>\n<\/div>\n\n\n\n<div class=\"wp-block-column is-layout-flow wp-block-column-is-layout-flow\" style=\"flex-basis:70%\">\n<div style=\"height:104px\" aria-hidden=\"true\" class=\"wp-block-spacer\"><\/div>\n\n\n\n<p class=\"has-objektiv-mk-3-font-family\" style=\"margin-top:0;margin-right:0;margin-bottom:0;margin-left:0;padding-top:0;padding-right:0;padding-bottom:0;padding-left:0;font-size:0.8rem;font-style:normal;font-weight:400\">Grand Prix d&rsquo;Architecture de Wallonie 2025<\/p>\n\n\n\n<p class=\"has-objektiv-mk-3-font-family\" style=\"margin-top:0;margin-right:0;margin-bottom:0;margin-left:0;padding-top:0;padding-right:0;padding-bottom:0;padding-left:0;font-size:0.8rem;font-style:normal;font-weight:400\">Recueil des projets<\/p>\n<\/div>\n<\/div>\n\n\n\n<div class=\"wp-block-columns is-layout-flex wp-container-core-columns-is-layout-7 wp-block-columns-is-layout-flex\">\n<div class=\"wp-block-column is-layout-flow wp-block-column-is-layout-flow\">\n<figure class=\"wp-block-image size-full is-resized\"><a href=\"http:\/\/www.atelierpaysage.be\/wp-content\/uploads\/2026\/01\/23308671-bbdf-4a8b-995e-13acab3a833e.jpg\"><img loading=\"lazy\" decoding=\"async\" width=\"1428\" height=\"2047\" src=\"http:\/\/www.atelierpaysage.be\/wp-content\/uploads\/2026\/01\/23308671-bbdf-4a8b-995e-13acab3a833e.jpg\" alt=\"\" class=\"wp-image-2591\" style=\"width:144px;height:auto\" srcset=\"https:\/\/www.atelierpaysage.be\/wp-content\/uploads\/2026\/01\/23308671-bbdf-4a8b-995e-13acab3a833e.jpg 1428w, https:\/\/www.atelierpaysage.be\/wp-content\/uploads\/2026\/01\/23308671-bbdf-4a8b-995e-13acab3a833e-279x400.jpg 279w, https:\/\/www.atelierpaysage.be\/wp-content\/uploads\/2026\/01\/23308671-bbdf-4a8b-995e-13acab3a833e-714x1024.jpg 714w, https:\/\/www.atelierpaysage.be\/wp-content\/uploads\/2026\/01\/23308671-bbdf-4a8b-995e-13acab3a833e-768x1101.jpg 768w, https:\/\/www.atelierpaysage.be\/wp-content\/uploads\/2026\/01\/23308671-bbdf-4a8b-995e-13acab3a833e-1072x1536.jpg 1072w\" sizes=\"(max-width: 1428px) 100vw, 1428px\" \/><\/a><\/figure>\n<\/div>\n\n\n\n<div class=\"wp-block-column is-layout-flow wp-block-column-is-layout-flow\" style=\"flex-basis:70%\">\n<div style=\"height:181px\" aria-hidden=\"true\" class=\"wp-block-spacer\"><\/div>\n\n\n\n<p class=\"has-objektiv-mk-3-font-family\" style=\"margin-top:0;margin-right:0;margin-bottom:0;margin-left:0;padding-top:0;padding-right:0;padding-bottom:0;padding-left:0;font-size:0.8rem;font-style:normal;font-weight:400\">Cahier de l&rsquo;Espace Public &#8211; La place de l&rsquo;eau &#8211; D\u00e9cembre 2025<\/p>\n\n\n\n<p class=\"has-objektiv-mk-3-font-family\" style=\"margin-top:0;margin-right:0;margin-bottom:0;margin-left:0;padding-top:0;padding-right:0;padding-bottom:0;padding-left:0;font-size:0.8rem;font-style:normal;font-weight:400\">Article &#8211; Zone humide de Chevetogne<\/p>\n<\/div>\n<\/div>\n\n\n\n<div class=\"wp-block-columns is-layout-flex wp-container-core-columns-is-layout-8 wp-block-columns-is-layout-flex\">\n<div class=\"wp-block-column is-layout-flow wp-block-column-is-layout-flow\">\n<figure class=\"wp-block-image size-full is-resized\"><a href=\"http:\/\/www.atelierpaysage.be\/wp-content\/uploads\/2024\/12\/466974204_1282722352977675_7798761816025429976_n.jpg\"><img loading=\"lazy\" decoding=\"async\" width=\"1058\" height=\"1578\" src=\"http:\/\/www.atelierpaysage.be\/wp-content\/uploads\/2024\/12\/466974204_1282722352977675_7798761816025429976_n.jpg\" alt=\"\" class=\"wp-image-2448\" style=\"width:144px;height:auto\" srcset=\"https:\/\/www.atelierpaysage.be\/wp-content\/uploads\/2024\/12\/466974204_1282722352977675_7798761816025429976_n.jpg 1058w, https:\/\/www.atelierpaysage.be\/wp-content\/uploads\/2024\/12\/466974204_1282722352977675_7798761816025429976_n-268x400.jpg 268w, https:\/\/www.atelierpaysage.be\/wp-content\/uploads\/2024\/12\/466974204_1282722352977675_7798761816025429976_n-687x1024.jpg 687w, https:\/\/www.atelierpaysage.be\/wp-content\/uploads\/2024\/12\/466974204_1282722352977675_7798761816025429976_n-768x1145.jpg 768w, https:\/\/www.atelierpaysage.be\/wp-content\/uploads\/2024\/12\/466974204_1282722352977675_7798761816025429976_n-1030x1536.jpg 1030w\" sizes=\"(max-width: 1058px) 100vw, 1058px\" \/><\/a><\/figure>\n<\/div>\n\n\n\n<div class=\"wp-block-column is-layout-flow wp-block-column-is-layout-flow\" style=\"flex-basis:70%\">\n<div style=\"height:181px\" aria-hidden=\"true\" class=\"wp-block-spacer\"><\/div>\n\n\n\n<p class=\"has-objektiv-mk-3-font-family\" style=\"margin-top:0;margin-right:0;margin-bottom:0;margin-left:0;padding-top:0;padding-right:0;padding-bottom:0;padding-left:0;font-size:0.8rem;font-style:normal;font-weight:400\">EUmies Awards &#8211; Mies van der Rohe &#8211; D\u00e9cembre 2024<\/p>\n\n\n\n<p class=\"has-objektiv-mk-3-font-family\" style=\"margin-top:0;margin-right:0;margin-bottom:0;margin-left:0;padding-top:0;padding-right:0;padding-bottom:0;padding-left:0;font-size:0.8rem;font-style:normal;font-weight:400\">Article &#8211; Zone humide de Chevetogne<\/p>\n<\/div>\n<\/div>\n\n\n\n<div class=\"wp-block-columns is-layout-flex wp-container-core-columns-is-layout-9 wp-block-columns-is-layout-flex\">\n<div class=\"wp-block-column is-layout-flow wp-block-column-is-layout-flow\">\n<figure class=\"wp-block-image size-full is-resized\"><a href=\"http:\/\/www.atelierpaysage.be\/wp-content\/uploads\/2024\/10\/IMG_8390-scaled.jpg\"><img loading=\"lazy\" decoding=\"async\" width=\"2004\" height=\"2560\" src=\"http:\/\/www.atelierpaysage.be\/wp-content\/uploads\/2024\/10\/IMG_8390-scaled.jpg\" alt=\"\" class=\"wp-image-2399\" style=\"width:144px;height:auto\" srcset=\"https:\/\/www.atelierpaysage.be\/wp-content\/uploads\/2024\/10\/IMG_8390-scaled.jpg 2004w, https:\/\/www.atelierpaysage.be\/wp-content\/uploads\/2024\/10\/IMG_8390-313x400.jpg 313w, https:\/\/www.atelierpaysage.be\/wp-content\/uploads\/2024\/10\/IMG_8390-802x1024.jpg 802w, https:\/\/www.atelierpaysage.be\/wp-content\/uploads\/2024\/10\/IMG_8390-768x981.jpg 768w, https:\/\/www.atelierpaysage.be\/wp-content\/uploads\/2024\/10\/IMG_8390-1202x1536.jpg 1202w, https:\/\/www.atelierpaysage.be\/wp-content\/uploads\/2024\/10\/IMG_8390-1603x2048.jpg 1603w\" sizes=\"(max-width: 2004px) 100vw, 2004px\" \/><\/a><\/figure>\n<\/div>\n\n\n\n<div class=\"wp-block-column is-layout-flow wp-block-column-is-layout-flow\" style=\"flex-basis:70%\">\n<div style=\"height:151px\" aria-hidden=\"true\" class=\"wp-block-spacer\"><\/div>\n\n\n\n<p class=\"has-objektiv-mk-3-font-family\" style=\"margin-top:0;margin-right:0;margin-bottom:0;margin-left:0;padding-top:0;padding-right:0;padding-bottom:0;padding-left:0;font-size:0.8rem;font-style:normal;font-weight:400\">L&rsquo;Architecture d&rsquo;Aujourd&rsquo;hui 462 &#8211; Septembre 2024<\/p>\n\n\n\n<p class=\"has-objektiv-mk-3-font-family\" style=\"margin-top:0;margin-right:0;margin-bottom:0;margin-left:0;padding-top:0;padding-right:0;padding-bottom:0;padding-left:0;font-size:0.8rem;font-style:normal;font-weight:400\">Article &#8211; Zone humide de Chevetogne<\/p>\n<\/div>\n<\/div>\n\n\n\n<div class=\"wp-block-columns is-layout-flex wp-container-core-columns-is-layout-10 wp-block-columns-is-layout-flex\">\n<div class=\"wp-block-column is-layout-flow wp-block-column-is-layout-flow\">\n<figure class=\"wp-block-image size-full is-resized\"><a href=\"https:\/\/www.atelierpaysage.be\/wp-content\/uploads\/2024\/08\/ICA-WB.jpg\"><img loading=\"lazy\" decoding=\"async\" width=\"771\" height=\"1207\" src=\"https:\/\/www.atelierpaysage.be\/wp-content\/uploads\/2024\/08\/ICA-WB.jpg\" alt=\"\" class=\"wp-image-2114\" style=\"width:144px;height:auto\" srcset=\"https:\/\/www.atelierpaysage.be\/wp-content\/uploads\/2024\/08\/ICA-WB.jpg 771w, https:\/\/www.atelierpaysage.be\/wp-content\/uploads\/2024\/08\/ICA-WB-256x400.jpg 256w, https:\/\/www.atelierpaysage.be\/wp-content\/uploads\/2024\/08\/ICA-WB-654x1024.jpg 654w, https:\/\/www.atelierpaysage.be\/wp-content\/uploads\/2024\/08\/ICA-WB-768x1202.jpg 768w\" sizes=\"(max-width: 771px) 100vw, 771px\" \/><\/a><\/figure>\n<\/div>\n\n\n\n<div class=\"wp-block-column is-layout-flow wp-block-column-is-layout-flow\" style=\"flex-basis:70%\">\n<div style=\"height:173px\" aria-hidden=\"true\" class=\"wp-block-spacer\"><\/div>\n\n\n\n<p class=\"has-objektiv-mk-3-font-family\" style=\"margin-top:0;margin-right:0;margin-bottom:0;margin-left:0;padding-top:0;padding-right:0;padding-bottom:0;padding-left:0;font-size:0.8rem;font-style:normal;font-weight:400\">Vers une ruralit\u00e9 &#8211; ICA WB \u00e9t\u00e9 2024<\/p>\n\n\n\n<p class=\"has-objektiv-mk-3-font-family\" style=\"margin-top:0;margin-right:0;margin-bottom:0;margin-left:0;padding-top:0;padding-right:0;padding-bottom:0;padding-left:0;font-size:0.8rem;font-style:normal;font-weight:400\">Brochure et carte interactive &#8211; Zone humide de Chevetogne et Plaine Eug\u00e9nie \u00e0 Mohiville<\/p>\n<\/div>\n<\/div>\n\n\n\n<div class=\"wp-block-columns is-layout-flex wp-container-core-columns-is-layout-11 wp-block-columns-is-layout-flex\">\n<div class=\"wp-block-column is-layout-flow wp-block-column-is-layout-flow\">\n<figure class=\"wp-block-image size-full is-resized\"><a href=\"https:\/\/www.atelierpaysage.be\/wp-content\/uploads\/2024\/08\/IMG_20240807_122959_edit_1019101248472617-scaled.jpg\"><img loading=\"lazy\" decoding=\"async\" width=\"2560\" height=\"2494\" src=\"https:\/\/www.atelierpaysage.be\/wp-content\/uploads\/2024\/08\/IMG_20240807_122959_edit_1019101248472617-scaled.jpg\" alt=\"\" class=\"wp-image-2111\" style=\"width:144px;height:auto\" srcset=\"https:\/\/www.atelierpaysage.be\/wp-content\/uploads\/2024\/08\/IMG_20240807_122959_edit_1019101248472617-scaled.jpg 2560w, https:\/\/www.atelierpaysage.be\/wp-content\/uploads\/2024\/08\/IMG_20240807_122959_edit_1019101248472617-400x390.jpg 400w, https:\/\/www.atelierpaysage.be\/wp-content\/uploads\/2024\/08\/IMG_20240807_122959_edit_1019101248472617-1024x998.jpg 1024w, https:\/\/www.atelierpaysage.be\/wp-content\/uploads\/2024\/08\/IMG_20240807_122959_edit_1019101248472617-768x748.jpg 768w, https:\/\/www.atelierpaysage.be\/wp-content\/uploads\/2024\/08\/IMG_20240807_122959_edit_1019101248472617-1536x1497.jpg 1536w, https:\/\/www.atelierpaysage.be\/wp-content\/uploads\/2024\/08\/IMG_20240807_122959_edit_1019101248472617-2048x1995.jpg 2048w\" sizes=\"(max-width: 2560px) 100vw, 2560px\" \/><\/a><\/figure>\n<\/div>\n\n\n\n<div class=\"wp-block-column is-layout-flow wp-block-column-is-layout-flow\" style=\"flex-basis:70%\">\n<div style=\"height:104px\" aria-hidden=\"true\" class=\"wp-block-spacer\"><\/div>\n\n\n\n<p class=\"has-objektiv-mk-3-font-family\" style=\"margin-top:0;margin-right:0;margin-bottom:0;margin-left:0;padding-top:0;padding-right:0;padding-bottom:0;padding-left:0;font-size:0.8rem;font-style:normal;font-weight:400\">Grand Prix d&rsquo;Architecture de Wallonie 2023<\/p>\n\n\n\n<p class=\"has-objektiv-mk-3-font-family\" style=\"margin-top:0;margin-right:0;margin-bottom:0;margin-left:0;padding-top:0;padding-right:0;padding-bottom:0;padding-left:0;font-size:0.8rem;font-style:normal;font-weight:400\">Recueil des projets<\/p>\n<\/div>\n<\/div>\n\n\n\n<div class=\"wp-block-columns is-layout-flex wp-container-core-columns-is-layout-12 wp-block-columns-is-layout-flex\">\n<div class=\"wp-block-column is-layout-flow wp-block-column-is-layout-flow\">\n<figure class=\"wp-block-image size-full is-resized\"><a href=\"https:\/\/www.atelierpaysage.be\/wp-content\/uploads\/2024\/08\/CCP-1-rotated.jpg\"><img loading=\"lazy\" decoding=\"async\" width=\"1262\" height=\"1759\" src=\"https:\/\/www.atelierpaysage.be\/wp-content\/uploads\/2024\/08\/CCP-1-rotated.jpg\" alt=\"\" class=\"wp-image-2118\" style=\"width:143px\" srcset=\"https:\/\/www.atelierpaysage.be\/wp-content\/uploads\/2024\/08\/CCP-1-rotated.jpg 1262w, https:\/\/www.atelierpaysage.be\/wp-content\/uploads\/2024\/08\/CCP-1-287x400.jpg 287w, https:\/\/www.atelierpaysage.be\/wp-content\/uploads\/2024\/08\/CCP-1-735x1024.jpg 735w, https:\/\/www.atelierpaysage.be\/wp-content\/uploads\/2024\/08\/CCP-1-768x1070.jpg 768w, https:\/\/www.atelierpaysage.be\/wp-content\/uploads\/2024\/08\/CCP-1-1102x1536.jpg 1102w\" sizes=\"(max-width: 1262px) 100vw, 1262px\" \/><\/a><\/figure>\n<\/div>\n\n\n\n<div class=\"wp-block-column is-layout-flow wp-block-column-is-layout-flow\" style=\"flex-basis:70%\">\n<div style=\"height:145px\" aria-hidden=\"true\" class=\"wp-block-spacer\"><\/div>\n\n\n\n<p class=\"has-objektiv-mk-3-font-family\" style=\"margin-top:0;margin-right:0;margin-bottom:0;margin-left:0;padding-top:0;padding-right:0;padding-bottom:0;padding-left:0;font-size:0.8rem;font-style:normal;font-weight:400\">Cities Connection Project 10\/23<\/p>\n\n\n\n<p class=\"has-objektiv-mk-3-font-family\" style=\"margin-top:0;margin-right:0;margin-bottom:0;margin-left:0;padding-top:0;padding-right:0;padding-bottom:0;padding-left:0;font-size:0.8rem;font-style:normal;font-weight:400\">Catalogue de l&rsquo;exposition Espace Winson et Zone humide de Chevetogne<\/p>\n<\/div>\n<\/div>\n\n\n\n<div class=\"wp-block-columns is-layout-flex wp-container-core-columns-is-layout-13 wp-block-columns-is-layout-flex\">\n<div class=\"wp-block-column is-layout-flow wp-block-column-is-layout-flow\">\n<figure class=\"wp-block-image size-full is-resized\"><a href=\"https:\/\/www.atelierpaysage.be\/wp-content\/uploads\/2024\/08\/A.jpg\"><img loading=\"lazy\" decoding=\"async\" width=\"877\" height=\"1206\" src=\"https:\/\/www.atelierpaysage.be\/wp-content\/uploads\/2024\/08\/A.jpg\" alt=\"\" class=\"wp-image-2115\" style=\"width:143px\" srcset=\"https:\/\/www.atelierpaysage.be\/wp-content\/uploads\/2024\/08\/A.jpg 877w, https:\/\/www.atelierpaysage.be\/wp-content\/uploads\/2024\/08\/A-291x400.jpg 291w, https:\/\/www.atelierpaysage.be\/wp-content\/uploads\/2024\/08\/A-745x1024.jpg 745w, https:\/\/www.atelierpaysage.be\/wp-content\/uploads\/2024\/08\/A-768x1056.jpg 768w\" sizes=\"(max-width: 877px) 100vw, 877px\" \/><\/a><\/figure>\n<\/div>\n\n\n\n<div class=\"wp-block-column is-layout-flow wp-block-column-is-layout-flow\" style=\"flex-basis:70%\">\n<div style=\"height:145px\" aria-hidden=\"true\" class=\"wp-block-spacer\"><\/div>\n\n\n\n<p class=\"has-objektiv-mk-3-font-family\" style=\"margin-top:0;margin-right:0;margin-bottom:0;margin-left:0;padding-top:0;padding-right:0;padding-bottom:0;padding-left:0;font-size:0.8rem;font-style:normal;font-weight:400\">A+ 302 07\/2023<\/p>\n\n\n\n<p class=\"has-objektiv-mk-3-font-family\" style=\"margin-top:0;margin-right:0;margin-bottom:0;margin-left:0;padding-top:0;padding-right:0;padding-bottom:0;padding-left:0;font-size:0.8rem;font-style:normal;font-weight:400\">Article Zone humide de Chevetogne<\/p>\n<\/div>\n<\/div>\n\n\n\n<div class=\"wp-block-columns is-layout-flex wp-container-core-columns-is-layout-14 wp-block-columns-is-layout-flex\">\n<div class=\"wp-block-column is-layout-flow wp-block-column-is-layout-flow\">\n<figure class=\"wp-block-image size-full is-resized\"><a href=\"https:\/\/www.atelierpaysage.be\/wp-content\/uploads\/2023\/12\/AtelierPaysage_Publications_13.jpg\"><img loading=\"lazy\" decoding=\"async\" width=\"388\" height=\"500\" src=\"https:\/\/www.atelierpaysage.be\/wp-content\/uploads\/2023\/12\/AtelierPaysage_Publications_13.jpg\" alt=\"\" class=\"wp-image-1190\" style=\"width:143px\" srcset=\"https:\/\/www.atelierpaysage.be\/wp-content\/uploads\/2023\/12\/AtelierPaysage_Publications_13.jpg 388w, https:\/\/www.atelierpaysage.be\/wp-content\/uploads\/2023\/12\/AtelierPaysage_Publications_13-310x400.jpg 310w\" sizes=\"(max-width: 388px) 100vw, 388px\" \/><\/a><\/figure>\n<\/div>\n\n\n\n<div class=\"wp-block-column is-layout-flow wp-block-column-is-layout-flow\" style=\"flex-basis:70%\">\n<div style=\"height:117px\" aria-hidden=\"true\" class=\"wp-block-spacer\"><\/div>\n\n\n\n<p class=\"has-objektiv-mk-3-font-family\" style=\"margin-top:0;margin-right:0;margin-bottom:0;margin-left:0;padding-top:0;padding-right:0;padding-bottom:0;padding-left:0;font-size:0.8rem;font-style:normal;font-weight:400\">Architectures Wallonie-Bruxelles Inventaires # 2020- 2023, ICA-WB, Mai 2023 <\/p>\n\n\n\n<p class=\"has-objektiv-mk-3-font-family\" style=\"margin-top:0;margin-right:0;margin-bottom:0;margin-left:0;padding-top:0;padding-right:0;padding-bottom:0;padding-left:0;font-size:0.8rem;font-style:normal;font-weight:400\">Projets de la Zone humide de Chevetogne<\/p>\n\n\n\n<p class=\"has-objektiv-mk-3-font-family\" style=\"margin-top:0;margin-right:0;margin-bottom:0;margin-left:0;padding-top:0;padding-right:0;padding-bottom:0;padding-left:0;font-size:0.8rem;font-style:normal;font-weight:400\">et la Plaine Eug\u00e9nie de Mohiville<\/p>\n<\/div>\n<\/div>\n\n\n\n<div class=\"wp-block-columns is-layout-flex wp-container-core-columns-is-layout-15 wp-block-columns-is-layout-flex\">\n<div class=\"wp-block-column is-layout-flow wp-block-column-is-layout-flow\">\n<figure class=\"wp-block-image size-full is-resized\"><a href=\"https:\/\/www.atelierpaysage.be\/wp-content\/uploads\/2023\/12\/AtelierPaysage_Publications_12.jpg\"><img loading=\"lazy\" decoding=\"async\" width=\"559\" height=\"765\" src=\"https:\/\/www.atelierpaysage.be\/wp-content\/uploads\/2023\/12\/AtelierPaysage_Publications_12.jpg\" alt=\"\" class=\"wp-image-1189\" style=\"width:143px\" srcset=\"https:\/\/www.atelierpaysage.be\/wp-content\/uploads\/2023\/12\/AtelierPaysage_Publications_12.jpg 559w, https:\/\/www.atelierpaysage.be\/wp-content\/uploads\/2023\/12\/AtelierPaysage_Publications_12-292x400.jpg 292w\" sizes=\"(max-width: 559px) 100vw, 559px\" \/><\/a><\/figure>\n<\/div>\n\n\n\n<div class=\"wp-block-column is-layout-flow wp-block-column-is-layout-flow\" style=\"flex-basis:70%\">\n<div style=\"height:137px\" aria-hidden=\"true\" class=\"wp-block-spacer\"><\/div>\n\n\n\n<p class=\"has-objektiv-mk-3-font-family\" style=\"margin-top:0;margin-right:0;margin-bottom:0;margin-left:0;padding-top:0;padding-right:0;padding-bottom:0;padding-left:0;font-size:0.8rem;font-style:normal;font-weight:400\">Werk, bauen, wohnen \u2013 5-2022 \u2013 Klimapositif \u2013 Revue d\u2019architecture Suisse<\/p>\n\n\n\n<p class=\"has-objektiv-mk-3-font-family\" style=\"margin-top:0;margin-right:0;margin-bottom:0;margin-left:0;padding-top:0;padding-right:0;padding-bottom:0;padding-left:0;font-size:0.8rem;font-style:normal;font-weight:400\">La r\u00e9novation de la zone humide de Chevetogne<\/p>\n<\/div>\n<\/div>\n\n\n\n<div class=\"wp-block-columns is-layout-flex wp-container-core-columns-is-layout-16 wp-block-columns-is-layout-flex\">\n<div class=\"wp-block-column is-layout-flow wp-block-column-is-layout-flow\"><\/div>\n\n\n\n<div class=\"wp-block-column is-layout-flow wp-block-column-is-layout-flow\" style=\"flex-basis:70%\">\n<div style=\"height:24px\" aria-hidden=\"true\" class=\"wp-block-spacer\"><\/div>\n\n\n\n<p class=\"has-objektiv-mk-3-font-family\" style=\"margin-top:0;margin-right:0;margin-bottom:0;margin-left:0;padding-top:0;padding-right:0;padding-bottom:0;padding-left:0;font-size:0.8rem;font-style:normal;font-weight:400\">Folder promotionnel de l\u2019Atelier Paysage pour l\u2019exposition CCP B\u00e2le &#8211; Mai 2022<\/p>\n<\/div>\n<\/div>\n\n\n\n<div class=\"wp-block-cb-carousel cb-single-slide\" data-slick=\"{&quot;slidesToShow&quot;:1,&quot;slidesToScroll&quot;:1,&quot;speed&quot;:300,&quot;arrows&quot;:false,&quot;dots&quot;:false,&quot;autoplay&quot;:true,&quot;autoplaySpeed&quot;:3000,&quot;infinite&quot;:true,&quot;responsive&quot;:[{&quot;breakpoint&quot;:769,&quot;settings&quot;:{&quot;slidesToShow&quot;:1,&quot;slidesToScroll&quot;:1}}]}\">\n<div class=\"wp-block-cb-slide\">\n<figure class=\"wp-block-image size-large\"><a href=\"https:\/\/www.atelierpaysage.be\/wp-content\/uploads\/2024\/01\/AtelierPaysage_Publications_14.jpg\"><img loading=\"lazy\" decoding=\"async\" width=\"1024\" height=\"726\" src=\"https:\/\/www.atelierpaysage.be\/wp-content\/uploads\/2024\/01\/AtelierPaysage_Publications_14-1024x726.jpg\" alt=\"\" class=\"wp-image-1499\" srcset=\"https:\/\/www.atelierpaysage.be\/wp-content\/uploads\/2024\/01\/AtelierPaysage_Publications_14-1024x726.jpg 1024w, https:\/\/www.atelierpaysage.be\/wp-content\/uploads\/2024\/01\/AtelierPaysage_Publications_14-400x284.jpg 400w, https:\/\/www.atelierpaysage.be\/wp-content\/uploads\/2024\/01\/AtelierPaysage_Publications_14-768x545.jpg 768w, https:\/\/www.atelierpaysage.be\/wp-content\/uploads\/2024\/01\/AtelierPaysage_Publications_14-1536x1090.jpg 1536w, https:\/\/www.atelierpaysage.be\/wp-content\/uploads\/2024\/01\/AtelierPaysage_Publications_14.jpg 1748w\" sizes=\"(max-width: 1024px) 100vw, 1024px\" \/><\/a><\/figure>\n<\/div>\n\n\n\n<div class=\"wp-block-cb-slide\">\n<figure class=\"wp-block-image size-large\"><a href=\"https:\/\/www.atelierpaysage.be\/wp-content\/uploads\/2024\/01\/AtelierPaysage_Publications_15.jpg\"><img loading=\"lazy\" decoding=\"async\" width=\"1024\" height=\"726\" src=\"https:\/\/www.atelierpaysage.be\/wp-content\/uploads\/2024\/01\/AtelierPaysage_Publications_15-1024x726.jpg\" alt=\"\" class=\"wp-image-1491\" srcset=\"https:\/\/www.atelierpaysage.be\/wp-content\/uploads\/2024\/01\/AtelierPaysage_Publications_15-1024x726.jpg 1024w, https:\/\/www.atelierpaysage.be\/wp-content\/uploads\/2024\/01\/AtelierPaysage_Publications_15-400x284.jpg 400w, https:\/\/www.atelierpaysage.be\/wp-content\/uploads\/2024\/01\/AtelierPaysage_Publications_15-768x545.jpg 768w, https:\/\/www.atelierpaysage.be\/wp-content\/uploads\/2024\/01\/AtelierPaysage_Publications_15-1536x1090.jpg 1536w, https:\/\/www.atelierpaysage.be\/wp-content\/uploads\/2024\/01\/AtelierPaysage_Publications_15.jpg 1748w\" sizes=\"(max-width: 1024px) 100vw, 1024px\" \/><\/a><\/figure>\n<\/div>\n<\/div>\n\n\n\n<div class=\"wp-block-columns is-layout-flex wp-container-core-columns-is-layout-17 wp-block-columns-is-layout-flex\">\n<div class=\"wp-block-column is-layout-flow wp-block-column-is-layout-flow\">\n<figure class=\"wp-block-image size-full is-resized\"><a href=\"https:\/\/www.atelierpaysage.be\/wp-content\/uploads\/2023\/12\/AtelierPaysage_Publications_11.jpg\"><img loading=\"lazy\" decoding=\"async\" width=\"785\" height=\"1024\" src=\"https:\/\/www.atelierpaysage.be\/wp-content\/uploads\/2023\/12\/AtelierPaysage_Publications_11.jpg\" alt=\"\" class=\"wp-image-1188\" style=\"width:143px\" srcset=\"https:\/\/www.atelierpaysage.be\/wp-content\/uploads\/2023\/12\/AtelierPaysage_Publications_11.jpg 785w, https:\/\/www.atelierpaysage.be\/wp-content\/uploads\/2023\/12\/AtelierPaysage_Publications_11-307x400.jpg 307w, https:\/\/www.atelierpaysage.be\/wp-content\/uploads\/2023\/12\/AtelierPaysage_Publications_11-768x1002.jpg 768w\" sizes=\"(max-width: 785px) 100vw, 785px\" \/><\/a><\/figure>\n<\/div>\n\n\n\n<div class=\"wp-block-column is-layout-flow wp-block-column-is-layout-flow\" style=\"flex-basis:70%\">\n<div style=\"height:145px\" aria-hidden=\"true\" class=\"wp-block-spacer\"><\/div>\n\n\n\n<p class=\"has-objektiv-mk-3-font-family\" style=\"margin-top:0;margin-right:0;margin-bottom:0;margin-left:0;padding-top:0;padding-right:0;padding-bottom:0;padding-left:0;font-size:0.8rem;font-style:normal;font-weight:400\">CG concept Edition 03\/2021 <\/p>\n\n\n\n<p class=\"has-objektiv-mk-3-font-family\" style=\"margin-top:0;margin-right:0;margin-bottom:0;margin-left:0;padding-top:0;padding-right:0;padding-bottom:0;padding-left:0;font-size:0.8rem;font-style:normal;font-weight:400\">La r\u00e9novation de la zone humide de Chevetogne<\/p>\n<\/div>\n<\/div>\n\n\n\n<div class=\"wp-block-columns is-layout-flex wp-container-core-columns-is-layout-18 wp-block-columns-is-layout-flex\">\n<div class=\"wp-block-column is-layout-flow wp-block-column-is-layout-flow\">\n<figure class=\"wp-block-image size-full is-resized\"><a href=\"https:\/\/www.atelierpaysage.be\/wp-content\/uploads\/2023\/12\/AtelierPaysage_Publications_10.jpg\"><img loading=\"lazy\" decoding=\"async\" width=\"198\" height=\"240\" src=\"https:\/\/www.atelierpaysage.be\/wp-content\/uploads\/2023\/12\/AtelierPaysage_Publications_10.jpg\" alt=\"\" class=\"wp-image-1187\" style=\"width:143px\"\/><\/a><\/figure>\n<\/div>\n\n\n\n<div class=\"wp-block-column is-layout-flow wp-block-column-is-layout-flow\" style=\"flex-basis:70%\">\n<div style=\"height:132px\" aria-hidden=\"true\" class=\"wp-block-spacer\"><\/div>\n\n\n\n<p class=\"has-objektiv-mk-3-font-family\" style=\"margin-top:0;margin-right:0;margin-bottom:0;margin-left:0;padding-top:0;padding-right:0;padding-bottom:0;padding-left:0;font-size:0.8rem;font-style:normal;font-weight:400\">La zone humide de Chevetogne \u2013 Auteurs multiples \u2013 Juin 2021<br>Histoire de la restauration de la zone humide de Chevetogne<\/p>\n<\/div>\n<\/div>\n\n\n\n<div class=\"wp-block-columns is-layout-flex wp-container-core-columns-is-layout-19 wp-block-columns-is-layout-flex\">\n<div class=\"wp-block-column is-layout-flow wp-block-column-is-layout-flow\">\n<figure class=\"wp-block-image size-full is-resized\"><a href=\"https:\/\/www.atelierpaysage.be\/wp-content\/uploads\/2023\/12\/AtelierPaysage_Publications_9.jpg\"><img loading=\"lazy\" decoding=\"async\" width=\"514\" height=\"722\" src=\"https:\/\/www.atelierpaysage.be\/wp-content\/uploads\/2023\/12\/AtelierPaysage_Publications_9.jpg\" alt=\"\" class=\"wp-image-1186\" style=\"width:143px\" srcset=\"https:\/\/www.atelierpaysage.be\/wp-content\/uploads\/2023\/12\/AtelierPaysage_Publications_9.jpg 514w, https:\/\/www.atelierpaysage.be\/wp-content\/uploads\/2023\/12\/AtelierPaysage_Publications_9-285x400.jpg 285w\" sizes=\"(max-width: 514px) 100vw, 514px\" \/><\/a><\/figure>\n<\/div>\n\n\n\n<div class=\"wp-block-column is-layout-flow wp-block-column-is-layout-flow\" style=\"flex-basis:70%\">\n<div style=\"height:144px\" aria-hidden=\"true\" class=\"wp-block-spacer\"><\/div>\n\n\n\n<p class=\"has-objektiv-mk-3-font-family\" style=\"margin-top:0;margin-right:0;margin-bottom:0;margin-left:0;padding-top:0;padding-right:0;padding-bottom:0;padding-left:0;font-size:0.8rem;font-style:normal;font-weight:400\">Architecture ! Inventaire collectif<\/p>\n\n\n\n<p class=\"has-objektiv-mk-3-font-family\" style=\"margin-top:0;margin-right:0;margin-bottom:0;margin-left:0;padding-top:0;padding-right:0;padding-bottom:0;padding-left:0;font-size:0.8rem;font-style:normal;font-weight:400\">Cellule architecture de la FWB en collaboration avec WBA<\/p>\n\n\n\n<p class=\"has-objektiv-mk-3-font-family\" style=\"margin-top:0;margin-right:0;margin-bottom:0;margin-left:0;padding-top:0;padding-right:0;padding-bottom:0;padding-left:0;font-size:0.8rem;font-style:normal;font-weight:400\">Projet de l&rsquo;Espace Winson \u00e0 Fosses-la-Ville<\/p>\n<\/div>\n<\/div>\n\n\n\n<div class=\"wp-block-columns is-layout-flex wp-container-core-columns-is-layout-20 wp-block-columns-is-layout-flex\">\n<div class=\"wp-block-column is-layout-flow wp-block-column-is-layout-flow\">\n<figure class=\"wp-block-image size-full is-resized\"><a href=\"https:\/\/www.atelierpaysage.be\/wp-content\/uploads\/2023\/12\/AtelierPaysage_Publications_8.jpg\"><img loading=\"lazy\" decoding=\"async\" width=\"535\" height=\"747\" src=\"https:\/\/www.atelierpaysage.be\/wp-content\/uploads\/2023\/12\/AtelierPaysage_Publications_8.jpg\" alt=\"\" class=\"wp-image-1185\" style=\"width:143px\" srcset=\"https:\/\/www.atelierpaysage.be\/wp-content\/uploads\/2023\/12\/AtelierPaysage_Publications_8.jpg 535w, https:\/\/www.atelierpaysage.be\/wp-content\/uploads\/2023\/12\/AtelierPaysage_Publications_8-286x400.jpg 286w\" sizes=\"(max-width: 535px) 100vw, 535px\" \/><\/a><\/figure>\n<\/div>\n\n\n\n<div class=\"wp-block-column is-layout-flow wp-block-column-is-layout-flow\" style=\"flex-basis:70%\">\n<div style=\"height:121px\" aria-hidden=\"true\" class=\"wp-block-spacer\"><\/div>\n\n\n\n<p class=\"has-objektiv-mk-3-font-family\" style=\"margin-top:0;margin-right:0;margin-bottom:0;margin-left:0;padding-top:0;padding-right:0;padding-bottom:0;padding-left:0;font-size:0.8rem;font-style:normal;font-weight:400\">Guide d\u2019architecture moderne et contemporaine 1893- 2020 NAMUR et Luxembourg \u2013 Cellule archi FWB<br>Projets de l&rsquo;Espace Winson \u00e0 Fosses-la-Ville, la  Place de Bellefontaine \u00e0  Tintigny et  le Centre Adeps \u00e0 Neufch\u00e2teau <\/p>\n<\/div>\n<\/div>\n\n\n\n<div class=\"wp-block-columns is-layout-flex wp-container-core-columns-is-layout-21 wp-block-columns-is-layout-flex\">\n<div class=\"wp-block-column is-layout-flow wp-block-column-is-layout-flow\">\n<figure class=\"wp-block-image size-full is-resized\"><a href=\"https:\/\/www.atelierpaysage.be\/wp-content\/uploads\/2023\/12\/AtelierPaysage_Publications_7.jpg\"><img loading=\"lazy\" decoding=\"async\" width=\"420\" height=\"529\" src=\"https:\/\/www.atelierpaysage.be\/wp-content\/uploads\/2023\/12\/AtelierPaysage_Publications_7.jpg\" alt=\"\" class=\"wp-image-1184\" style=\"width:143px\" srcset=\"https:\/\/www.atelierpaysage.be\/wp-content\/uploads\/2023\/12\/AtelierPaysage_Publications_7.jpg 420w, https:\/\/www.atelierpaysage.be\/wp-content\/uploads\/2023\/12\/AtelierPaysage_Publications_7-318x400.jpg 318w\" sizes=\"(max-width: 420px) 100vw, 420px\" \/><\/a><\/figure>\n<\/div>\n\n\n\n<div class=\"wp-block-column is-layout-flow wp-block-column-is-layout-flow\" style=\"flex-basis:70%\">\n<div style=\"height:133px\" aria-hidden=\"true\" class=\"wp-block-spacer\"><\/div>\n\n\n\n<p class=\"has-objektiv-mk-3-font-family\" style=\"margin-top:0;margin-right:0;margin-bottom:0;margin-left:0;padding-top:0;padding-right:0;padding-bottom:0;padding-left:0;font-size:0.8rem;font-style:normal;font-weight:400\">Belgium New architecture 7 \u2013 Prisme Editions &#8211; Octobre 2019<br>Projets de l&rsquo;Espace Winson \u00e0 Fosses-la-Ville et la  Place de Bellefontaine \u00e0  Tintigny<\/p>\n<\/div>\n<\/div>\n\n\n\n<div class=\"wp-block-columns is-layout-flex wp-container-core-columns-is-layout-22 wp-block-columns-is-layout-flex\">\n<div class=\"wp-block-column is-layout-flow wp-block-column-is-layout-flow\">\n<figure class=\"wp-block-image size-full is-resized\"><a href=\"https:\/\/www.atelierpaysage.be\/wp-content\/uploads\/2023\/12\/AtelierPaysage_Publications_6.jpg\"><img loading=\"lazy\" decoding=\"async\" width=\"699\" height=\"980\" src=\"https:\/\/www.atelierpaysage.be\/wp-content\/uploads\/2023\/12\/AtelierPaysage_Publications_6.jpg\" alt=\"\" class=\"wp-image-1183\" style=\"width:143px\" srcset=\"https:\/\/www.atelierpaysage.be\/wp-content\/uploads\/2023\/12\/AtelierPaysage_Publications_6.jpg 699w, https:\/\/www.atelierpaysage.be\/wp-content\/uploads\/2023\/12\/AtelierPaysage_Publications_6-285x400.jpg 285w\" sizes=\"(max-width: 699px) 100vw, 699px\" \/><\/a><\/figure>\n<\/div>\n\n\n\n<div class=\"wp-block-column is-layout-flow wp-block-column-is-layout-flow\" style=\"flex-basis:70%\">\n<div style=\"height:160px\" aria-hidden=\"true\" class=\"wp-block-spacer\"><\/div>\n\n\n\n<p class=\"has-objektiv-mk-3-font-family\" style=\"margin-top:0;margin-right:0;margin-bottom:0;margin-left:0;padding-top:0;padding-right:0;padding-bottom:0;padding-left:0;font-size:0.8rem;font-style:normal;font-weight:400\">CPDT 2019 \u2013 Am\u00e9nager les espaces publics wallons \u2013 <\/p>\n\n\n\n<p class=\"has-objektiv-mk-3-font-family\" style=\"margin-top:0;margin-right:0;margin-bottom:0;margin-left:0;padding-top:0;padding-right:0;padding-bottom:0;padding-left:0;font-size:0.8rem;font-style:normal;font-weight:400\">R\u00e9f\u00e9rencement du projet Espace Winson \u00e0 Fosses-la- Ville<\/p>\n<\/div>\n<\/div>\n\n\n\n<div class=\"wp-block-columns is-layout-flex wp-container-core-columns-is-layout-23 wp-block-columns-is-layout-flex\">\n<div class=\"wp-block-column is-layout-flow wp-block-column-is-layout-flow\">\n<figure class=\"wp-block-image size-full is-resized\"><a href=\"https:\/\/www.atelierpaysage.be\/wp-content\/uploads\/2023\/12\/AtelierPaysage_Publications_5.jpg\"><img loading=\"lazy\" decoding=\"async\" width=\"874\" height=\"1108\" src=\"https:\/\/www.atelierpaysage.be\/wp-content\/uploads\/2023\/12\/AtelierPaysage_Publications_5.jpg\" alt=\"\" class=\"wp-image-1182\" style=\"width:143px\" srcset=\"https:\/\/www.atelierpaysage.be\/wp-content\/uploads\/2023\/12\/AtelierPaysage_Publications_5.jpg 874w, https:\/\/www.atelierpaysage.be\/wp-content\/uploads\/2023\/12\/AtelierPaysage_Publications_5-316x400.jpg 316w, https:\/\/www.atelierpaysage.be\/wp-content\/uploads\/2023\/12\/AtelierPaysage_Publications_5-808x1024.jpg 808w, https:\/\/www.atelierpaysage.be\/wp-content\/uploads\/2023\/12\/AtelierPaysage_Publications_5-768x974.jpg 768w\" sizes=\"(max-width: 874px) 100vw, 874px\" \/><\/a><\/figure>\n<\/div>\n\n\n\n<div class=\"wp-block-column is-layout-flow wp-block-column-is-layout-flow\" style=\"flex-basis:70%\">\n<div style=\"height:137px\" aria-hidden=\"true\" class=\"wp-block-spacer\"><\/div>\n\n\n\n<p class=\"has-objektiv-mk-3-font-family\" style=\"margin-top:0;margin-right:0;margin-bottom:0;margin-left:0;padding-top:0;padding-right:0;padding-bottom:0;padding-left:0;font-size:0.8rem;font-style:normal;font-weight:400\">Comprendre Chevetogne 1 \u2013 Bruno Belvaux et Angeline Sedran \u2013 2019<br>Expos\u00e9 du projet en cours \u00e0 Chevetogne<\/p>\n<\/div>\n<\/div>\n\n\n\n<div class=\"wp-block-columns is-layout-flex wp-container-core-columns-is-layout-24 wp-block-columns-is-layout-flex\">\n<div class=\"wp-block-column is-layout-flow wp-block-column-is-layout-flow\">\n<figure class=\"wp-block-image size-full is-resized\"><a href=\"https:\/\/www.atelierpaysage.be\/wp-content\/uploads\/2023\/12\/AtelierPaysage_Publications_4.jpg\"><img loading=\"lazy\" decoding=\"async\" width=\"638\" height=\"637\" src=\"https:\/\/www.atelierpaysage.be\/wp-content\/uploads\/2023\/12\/AtelierPaysage_Publications_4.jpg\" alt=\"\" class=\"wp-image-1181\" style=\"width:143px\" srcset=\"https:\/\/www.atelierpaysage.be\/wp-content\/uploads\/2023\/12\/AtelierPaysage_Publications_4.jpg 638w, https:\/\/www.atelierpaysage.be\/wp-content\/uploads\/2023\/12\/AtelierPaysage_Publications_4-400x400.jpg 400w, https:\/\/www.atelierpaysage.be\/wp-content\/uploads\/2023\/12\/AtelierPaysage_Publications_4-300x300.jpg 300w\" sizes=\"(max-width: 638px) 100vw, 638px\" \/><\/a><\/figure>\n<\/div>\n\n\n\n<div class=\"wp-block-column is-layout-flow wp-block-column-is-layout-flow\" style=\"flex-basis:70%\">\n<div style=\"height:88px\" aria-hidden=\"true\" class=\"wp-block-spacer\"><\/div>\n\n\n\n<p class=\"has-objektiv-mk-3-font-family\" style=\"margin-top:0;margin-right:0;margin-bottom:0;margin-left:0;padding-top:0;padding-right:0;padding-bottom:0;padding-left:0;font-size:0.8rem;font-style:normal;font-weight:400\">Espaces publics en milieu rural \u2013 FRW \u2013 2019<br>Guide pour des am\u00e9nagements sp\u00e9cifiques \u2013<br>Am\u00e9nagement de Bellefontaine<\/p>\n<\/div>\n<\/div>\n\n\n\n<div class=\"wp-block-columns is-layout-flex wp-container-core-columns-is-layout-25 wp-block-columns-is-layout-flex\">\n<div class=\"wp-block-column is-layout-flow wp-block-column-is-layout-flow\">\n<figure class=\"wp-block-image size-full is-resized\"><a href=\"https:\/\/www.atelierpaysage.be\/wp-content\/uploads\/2023\/12\/AtelierPaysage_Publications_3.jpg\"><img loading=\"lazy\" decoding=\"async\" width=\"620\" height=\"863\" src=\"https:\/\/www.atelierpaysage.be\/wp-content\/uploads\/2023\/12\/AtelierPaysage_Publications_3.jpg\" alt=\"\" class=\"wp-image-1001\" style=\"width:143px\" srcset=\"https:\/\/www.atelierpaysage.be\/wp-content\/uploads\/2023\/12\/AtelierPaysage_Publications_3.jpg 620w, https:\/\/www.atelierpaysage.be\/wp-content\/uploads\/2023\/12\/AtelierPaysage_Publications_3-287x400.jpg 287w\" sizes=\"(max-width: 620px) 100vw, 620px\" \/><\/a><\/figure>\n<\/div>\n\n\n\n<div class=\"wp-block-column is-layout-flow wp-block-column-is-layout-flow\" style=\"flex-basis:70%\">\n<div style=\"height:136px\" aria-hidden=\"true\" class=\"wp-block-spacer\"><\/div>\n\n\n\n<p class=\"has-objektiv-mk-3-font-family\" style=\"margin-top:0;margin-right:0;margin-bottom:0;margin-left:0;padding-top:0;padding-right:0;padding-bottom:0;padding-left:0;font-size:0.8rem;font-style:normal;font-weight:400\">A+275 &#8211; D\u00e9cembre 2018<br>Article projet Espace Winson \u00e0 Fosses-la-Ville<\/p>\n<\/div>\n<\/div>\n\n\n\n<div class=\"wp-block-columns is-layout-flex wp-container-core-columns-is-layout-26 wp-block-columns-is-layout-flex\">\n<div class=\"wp-block-column is-layout-flow wp-block-column-is-layout-flow\">\n<figure class=\"wp-block-image size-full is-resized\"><a href=\"https:\/\/www.atelierpaysage.be\/wp-content\/uploads\/2023\/12\/AtelierPaysage_Publications_2.jpg\"><img loading=\"lazy\" decoding=\"async\" width=\"298\" height=\"414\" src=\"https:\/\/www.atelierpaysage.be\/wp-content\/uploads\/2023\/12\/AtelierPaysage_Publications_2.jpg\" alt=\"\" class=\"wp-image-1000\" style=\"width:143px\" srcset=\"https:\/\/www.atelierpaysage.be\/wp-content\/uploads\/2023\/12\/AtelierPaysage_Publications_2.jpg 298w, https:\/\/www.atelierpaysage.be\/wp-content\/uploads\/2023\/12\/AtelierPaysage_Publications_2-288x400.jpg 288w\" sizes=\"(max-width: 298px) 100vw, 298px\" \/><\/a><\/figure>\n<\/div>\n\n\n\n<div class=\"wp-block-column is-layout-flow wp-block-column-is-layout-flow\" style=\"flex-basis:70%\">\n<div style=\"height:138px\" aria-hidden=\"true\" class=\"wp-block-spacer\"><\/div>\n\n\n\n<p class=\"has-text-align-left has-objektiv-mk-3-font-family\" style=\"margin-top:0;margin-right:0;margin-bottom:0;margin-left:0;padding-top:0;padding-right:0;padding-bottom:0;padding-left:0;font-size:0.8rem;font-style:normal;font-weight:400\">A+258 &#8211; F\u00e9vrier mars 2016<br>Article en analyse du concours <\/p>\n\n\n\n<p class=\"has-text-align-left has-objektiv-mk-3-font-family\" style=\"margin-top:0;margin-right:0;margin-bottom:0;margin-left:0;padding-top:0;padding-right:0;padding-bottom:0;padding-left:0;font-size:0.8rem;font-style:normal;font-weight:400\">Gr\u00e2ce-hollogne : Construction d\u2019un milieu d\u2019accueil d\u2019enfants (cr\u00e8che)<\/p>\n<\/div>\n<\/div>\n\n\n\n<div class=\"wp-block-columns is-layout-flex wp-container-core-columns-is-layout-27 wp-block-columns-is-layout-flex\">\n<div class=\"wp-block-column is-layout-flow wp-block-column-is-layout-flow\">\n<figure class=\"wp-block-image size-full is-resized\"><a href=\"https:\/\/www.atelierpaysage.be\/wp-content\/uploads\/2023\/12\/AtelierPaysage_Publications_1.jpg\"><img loading=\"lazy\" decoding=\"async\" width=\"299\" height=\"375\" src=\"https:\/\/www.atelierpaysage.be\/wp-content\/uploads\/2023\/12\/AtelierPaysage_Publications_1.jpg\" alt=\"\" class=\"wp-image-999\" style=\"width:143px;height:auto\"\/><\/a><\/figure>\n<\/div>\n\n\n\n<div class=\"wp-block-column is-layout-flow wp-block-column-is-layout-flow\" style=\"flex-basis:70%\">\n<div style=\"height:142px\" aria-hidden=\"true\" class=\"wp-block-spacer\"><\/div>\n\n\n\n<p class=\"has-text-align-left has-objektiv-mk-3-font-family\" style=\"margin-top:0;margin-right:0;margin-bottom:0;margin-left:0;padding-top:0;padding-right:0;padding-bottom:0;padding-left:0;font-size:0.8rem;font-style:normal;font-weight:400\">VISIONS \u2013 Architectures publiques \u2013 volume 10 FWB &#8211; D\u00e9cembre 2014<br>Les centres sportifs Adeps Froidchapelle -Neufch\u00e2teau<\/p>\n<\/div>\n<\/div>\n\n\n\n<div class=\"wp-block-columns is-layout-flex wp-container-core-columns-is-layout-28 wp-block-columns-is-layout-flex\">\n<div class=\"wp-block-column is-layout-flow wp-block-column-is-layout-flow\">\n<div style=\"height:186px\" aria-hidden=\"true\" class=\"wp-block-spacer\"><\/div>\n<\/div>\n\n\n\n<div class=\"wp-block-column is-layout-flow wp-block-column-is-layout-flow\" style=\"flex-basis:70%\">\n<div style=\"height:80px\" aria-hidden=\"true\" class=\"wp-block-spacer\"><\/div>\n\n\n\n<p class=\"has-objektiv-mk-3-font-family\" style=\"margin-top:0;margin-right:0;margin-bottom:0;margin-left:0;padding-top:0;padding-right:0;padding-bottom:0;padding-left:0;font-size:0.8rem;font-style:normal;font-weight:400\">Articles divers de presse locale (L\u2019avenir, bulletins communaux, \u2026)<\/p>\n<\/div>\n<\/div>\n","protected":false},"excerpt":{"rendered":"<p>PRIX Grand Prix d\u2019Architecture de Wallonie 2023 Zone humide de Chevetogne Laur\u00e9at dans la cat\u00e9gorie \u00ab\u00a0Espace urbanis\u00e9\u00a0\u00bb European Union Prize for Contempory Architecture MIES VAN DER ROHE 2022 Zone humide de Chevetogne &#8211; Projet nomin\u00e9 Concours \u00ab Blue Stone Design Awards \u00bb 2020 Le projet \u00abHEXAPIERRE\u00bb Laur\u00e9at de la pierre bleue d\u2019or Grand Prix d\u2019Architecture [&hellip;]<\/p>\n","protected":false},"author":1,"featured_media":0,"parent":2,"menu_order":0,"comment_status":"closed","ping_status":"closed","template":"page-without-title","meta":{"footnotes":""},"class_list":["post-745","page","type-page","status-publish","hentry"],"_links":{"self":[{"href":"https:\/\/www.atelierpaysage.be\/index.php?rest_route=\/wp\/v2\/pages\/745"}],"collection":[{"href":"https:\/\/www.atelierpaysage.be\/index.php?rest_route=\/wp\/v2\/pages"}],"about":[{"href":"https:\/\/www.atelierpaysage.be\/index.php?rest_route=\/wp\/v2\/types\/page"}],"author":[{"embeddable":true,"href":"https:\/\/www.atelierpaysage.be\/index.php?rest_route=\/wp\/v2\/users\/1"}],"replies":[{"embeddable":true,"href":"https:\/\/www.atelierpaysage.be\/index.php?rest_route=%2Fwp%2Fv2%2Fcomments&post=745"}],"version-history":[{"count":30,"href":"https:\/\/www.atelierpaysage.be\/index.php?rest_route=\/wp\/v2\/pages\/745\/revisions"}],"predecessor-version":[{"id":2593,"href":"https:\/\/www.atelierpaysage.be\/index.php?rest_route=\/wp\/v2\/pages\/745\/revisions\/2593"}],"up":[{"embeddable":true,"href":"https:\/\/www.atelierpaysage.be\/index.php?rest_route=\/wp\/v2\/pages\/2"}],"wp:attachment":[{"href":"https:\/\/www.atelierpaysage.be\/index.php?rest_route=%2Fwp%2Fv2%2Fmedia&parent=745"}],"curies":[{"name":"wp","href":"https:\/\/api.w.org\/{rel}","templated":true}]}}