{"id":752,"date":"2023-12-14T15:18:11","date_gmt":"2023-12-14T14:18:11","guid":{"rendered":"https:\/\/www.atelierpaysage.be\/?page_id=752"},"modified":"2026-03-26T16:49:52","modified_gmt":"2026-03-26T15:49:52","slug":"actualites","status":"publish","type":"page","link":"https:\/\/www.atelierpaysage.be\/?page_id=752","title":{"rendered":"Actualit\u00e9s"},"content":{"rendered":"\n<p class=\"has-text-align-center has-objektiv-mk-3-font-family\" style=\"margin-top:0;margin-right:0;margin-bottom:0;margin-left:0;padding-top:0;padding-right:0;padding-bottom:0;padding-left:0;font-size:0.9rem;font-style:normal;font-weight:600;line-height:1.5;text-transform:uppercase\">POUR PLUS D&rsquo;actualit\u00e9S, suivez nous sur les r\u00e9seaux !<\/p>\n\n\n\n<div class=\"wp-block-columns is-layout-flex wp-container-core-columns-is-layout-1 wp-block-columns-is-layout-flex\">\n<div class=\"wp-block-column is-layout-flow wp-block-column-is-layout-flow\">\n<figure class=\"wp-block-image alignright size-full is-resized\"><a href=\"https:\/\/www.instagram.com\/atelier.paysage\/\" target=\"_blank\" rel=\"noreferrer noopener\"><img loading=\"lazy\" decoding=\"async\" width=\"559\" height=\"559\" src=\"https:\/\/www.atelierpaysage.be\/wp-content\/uploads\/2023\/12\/AtelierPaysage_Contact_3.jpg\" alt=\"\" class=\"wp-image-1206\" style=\"width:30px\" srcset=\"https:\/\/www.atelierpaysage.be\/wp-content\/uploads\/2023\/12\/AtelierPaysage_Contact_3.jpg 559w, https:\/\/www.atelierpaysage.be\/wp-content\/uploads\/2023\/12\/AtelierPaysage_Contact_3-400x400.jpg 400w, https:\/\/www.atelierpaysage.be\/wp-content\/uploads\/2023\/12\/AtelierPaysage_Contact_3-300x300.jpg 300w\" sizes=\"(max-width: 559px) 100vw, 559px\" \/><\/a><\/figure>\n<\/div>\n\n\n\n<div class=\"wp-block-column is-layout-flow wp-block-column-is-layout-flow\">\n<figure class=\"wp-block-image aligncenter size-full is-resized\"><a href=\"https:\/\/m.facebook.com\/p\/AtelierPaysage-100057350444047\/\" target=\"_blank\" rel=\"noreferrer noopener\"><img loading=\"lazy\" decoding=\"async\" width=\"420\" height=\"420\" src=\"https:\/\/www.atelierpaysage.be\/wp-content\/uploads\/2023\/12\/AtelierPaysage_Contact_4.jpg\" alt=\"\" class=\"wp-image-1209\" style=\"width:30px\" srcset=\"https:\/\/www.atelierpaysage.be\/wp-content\/uploads\/2023\/12\/AtelierPaysage_Contact_4.jpg 420w, https:\/\/www.atelierpaysage.be\/wp-content\/uploads\/2023\/12\/AtelierPaysage_Contact_4-400x400.jpg 400w, https:\/\/www.atelierpaysage.be\/wp-content\/uploads\/2023\/12\/AtelierPaysage_Contact_4-300x300.jpg 300w\" sizes=\"(max-width: 420px) 100vw, 420px\" \/><\/a><\/figure>\n<\/div>\n\n\n\n<div class=\"wp-block-column is-layout-flow wp-block-column-is-layout-flow\">\n<figure class=\"wp-block-image alignleft size-full is-resized\"><a href=\"https:\/\/be.linkedin.com\/company\/atelierpaysage\" target=\"_blank\" rel=\"noreferrer noopener\"><img loading=\"lazy\" decoding=\"async\" width=\"420\" height=\"420\" src=\"https:\/\/www.atelierpaysage.be\/wp-content\/uploads\/2023\/12\/AtelierPaysage_Contact_5.jpg\" alt=\"\" class=\"wp-image-1210\" style=\"width:30px\" srcset=\"https:\/\/www.atelierpaysage.be\/wp-content\/uploads\/2023\/12\/AtelierPaysage_Contact_5.jpg 420w, https:\/\/www.atelierpaysage.be\/wp-content\/uploads\/2023\/12\/AtelierPaysage_Contact_5-400x400.jpg 400w, https:\/\/www.atelierpaysage.be\/wp-content\/uploads\/2023\/12\/AtelierPaysage_Contact_5-300x300.jpg 300w\" sizes=\"(max-width: 420px) 100vw, 420px\" \/><\/a><\/figure>\n<\/div>\n<\/div>\n\n\n\n<div style=\"height:96px\" aria-hidden=\"true\" class=\"wp-block-spacer\"><\/div>\n\n\n\n<p class=\"has-objektiv-mk-3-font-family\" style=\"margin-top:0;margin-right:0;margin-bottom:0;margin-left:0;padding-top:0;padding-right:0;padding-bottom:0;padding-left:0;font-size:0.9rem;font-style:normal;font-weight:500;line-height:1.5;text-transform:uppercase\">MARS 2026 &#8211; JEUDIS DU PAYSAGE<\/p>\n\n\n\n<div class=\"wp-block-columns is-layout-flex wp-container-core-columns-is-layout-2 wp-block-columns-is-layout-flex\">\n<div class=\"wp-block-column is-layout-flow wp-block-column-is-layout-flow\">\n<figure class=\"wp-block-image size-full\"><img loading=\"lazy\" decoding=\"async\" width=\"956\" height=\"1062\" src=\"http:\/\/www.atelierpaysage.be\/wp-content\/uploads\/2026\/03\/jeudipaysage.jpg\" alt=\"\" class=\"wp-image-2620\" srcset=\"https:\/\/www.atelierpaysage.be\/wp-content\/uploads\/2026\/03\/jeudipaysage.jpg 956w, https:\/\/www.atelierpaysage.be\/wp-content\/uploads\/2026\/03\/jeudipaysage-360x400.jpg 360w, https:\/\/www.atelierpaysage.be\/wp-content\/uploads\/2026\/03\/jeudipaysage-922x1024.jpg 922w, https:\/\/www.atelierpaysage.be\/wp-content\/uploads\/2026\/03\/jeudipaysage-768x853.jpg 768w\" sizes=\"(max-width: 956px) 100vw, 956px\" \/><\/figure>\n<\/div>\n\n\n\n<div class=\"wp-block-column is-layout-flow wp-block-column-is-layout-flow\" style=\"flex-basis:50%\">\n<div style=\"height:287px\" aria-hidden=\"true\" class=\"wp-block-spacer\"><\/div>\n\n\n\n<p class=\"has-objektiv-mk-3-font-family has-large-font-size\" style=\"margin-top:var(--wp--preset--spacing--30);margin-right:0;margin-bottom:var(--wp--preset--spacing--30);margin-left:0;padding-top:0;padding-right:0;padding-bottom:0;padding-left:0;font-style:normal;font-weight:400\">Zoom sur le bureau et ses projets lors des Jeudis du Paysage<\/p>\n<\/div>\n<\/div>\n\n\n\n<div class=\"wp-block-columns is-layout-flex wp-container-core-columns-is-layout-3 wp-block-columns-is-layout-flex\">\n<div class=\"wp-block-column is-layout-flow wp-block-column-is-layout-flow\">\n<figure class=\"wp-block-image size-full\"><img loading=\"lazy\" decoding=\"async\" width=\"1114\" height=\"879\" src=\"http:\/\/www.atelierpaysage.be\/wp-content\/uploads\/2026\/01\/Capture.jpg\" alt=\"\" class=\"wp-image-2597\" srcset=\"https:\/\/www.atelierpaysage.be\/wp-content\/uploads\/2026\/01\/Capture.jpg 1114w, https:\/\/www.atelierpaysage.be\/wp-content\/uploads\/2026\/01\/Capture-400x316.jpg 400w, https:\/\/www.atelierpaysage.be\/wp-content\/uploads\/2026\/01\/Capture-1024x808.jpg 1024w, https:\/\/www.atelierpaysage.be\/wp-content\/uploads\/2026\/01\/Capture-768x606.jpg 768w\" sizes=\"(max-width: 1114px) 100vw, 1114px\" \/><\/figure>\n<\/div>\n\n\n\n<div class=\"wp-block-column is-layout-flow wp-block-column-is-layout-flow\" style=\"flex-basis:50%\">\n<div style=\"height:217px\" aria-hidden=\"true\" class=\"wp-block-spacer\"><\/div>\n\n\n\n<p class=\"has-objektiv-mk-3-font-family has-large-font-size\" style=\"margin-top:var(--wp--preset--spacing--30);margin-right:0;margin-bottom:var(--wp--preset--spacing--30);margin-left:0;padding-top:0;padding-right:0;padding-bottom:0;padding-left:0;font-style:normal;font-weight:400\">Meilleurs v\u0153ux pour 2026 !<\/p>\n<\/div>\n<\/div>\n\n\n\n<p class=\"has-objektiv-mk-3-font-family\" style=\"margin-top:0;margin-right:0;margin-bottom:0;margin-left:0;padding-top:0;padding-right:0;padding-bottom:0;padding-left:0;font-size:0.9rem;font-style:normal;font-weight:500;line-height:1.5;text-transform:uppercase\">d\u00e9cembre 2025 &#8211; mat\u00e9l\u00e9<\/p>\n\n\n\n<div class=\"wp-block-columns is-layout-flex wp-container-core-columns-is-layout-4 wp-block-columns-is-layout-flex\">\n<div class=\"wp-block-column is-layout-flow wp-block-column-is-layout-flow\">\n<figure class=\"wp-block-image size-full\"><img loading=\"lazy\" decoding=\"async\" width=\"1600\" height=\"900\" src=\"http:\/\/www.atelierpaysage.be\/wp-content\/uploads\/2026\/01\/IMG_7616.jpg\" alt=\"\" class=\"wp-image-2595\" srcset=\"https:\/\/www.atelierpaysage.be\/wp-content\/uploads\/2026\/01\/IMG_7616.jpg 1600w, https:\/\/www.atelierpaysage.be\/wp-content\/uploads\/2026\/01\/IMG_7616-400x225.jpg 400w, https:\/\/www.atelierpaysage.be\/wp-content\/uploads\/2026\/01\/IMG_7616-1024x576.jpg 1024w, https:\/\/www.atelierpaysage.be\/wp-content\/uploads\/2026\/01\/IMG_7616-768x432.jpg 768w, https:\/\/www.atelierpaysage.be\/wp-content\/uploads\/2026\/01\/IMG_7616-1536x864.jpg 1536w\" sizes=\"(max-width: 1600px) 100vw, 1600px\" \/><\/figure>\n<\/div>\n\n\n\n<div class=\"wp-block-column is-layout-flow wp-block-column-is-layout-flow\" style=\"flex-basis:50%\">\n<div style=\"height:114px\" aria-hidden=\"true\" class=\"wp-block-spacer\"><\/div>\n\n\n\n<p class=\"has-objektiv-mk-3-font-family has-large-font-size\" style=\"margin-top:var(--wp--preset--spacing--30);margin-right:0;margin-bottom:var(--wp--preset--spacing--30);margin-left:0;padding-top:0;padding-right:0;padding-bottom:0;padding-left:0;font-style:normal;font-weight:400\">R\u00e9trospective sur le Square de l\u2019Amicale.<\/p>\n\n\n\n<p class=\"has-objektiv-mk-3-font-family has-large-font-size\" style=\"margin-top:var(--wp--preset--spacing--30);margin-right:0;margin-bottom:var(--wp--preset--spacing--30);margin-left:0;padding-top:0;padding-right:0;padding-bottom:0;padding-left:0;font-style:normal;font-weight:400\"><a href=\"https:\/\/auvio.rtbf.be\/media\/par-oui-dire-par-oui-dire-3203269?fbclid=IwY2xjawEeyaVleHRuA2FlbQIxMQABHc002tT_IrvoLpZ7s4v-zuhXFUvPgbG1HREjzDHWAgWCV8E8S9UJkqomZA_aem_-1ivh3xStNtLiEJ_0Bzx8w\" data-type=\"link\" data-id=\"https:\/\/auvio.rtbf.be\/media\/par-oui-dire-par-oui-dire-3203269?fbclid=IwY2xjawEeyaVleHRuA2FlbQIxMQABHc002tT_IrvoLpZ7s4v-zuhXFUvPgbG1HREjzDHWAgWCV8E8S9UJkqomZA_aem_-1ivh3xStNtLiEJ_0Bzx8w\">Pour visionner le reportage <\/a><a href=\"https:\/\/www.matele.be\/du-square-de-l-amicale-a-la-cour-de-recre-de-barvaux-ces-lieux-qui-ont-faconne-2025\" data-type=\"link\" data-id=\"https:\/\/auvio.rtbf.be\/media\/par-oui-dire-par-oui-dire-3203269?fbclid=IwY2xjawEeyaVleHRuA2FlbQIxMQABHc002tT_IrvoLpZ7s4v-zuhXFUvPgbG1HREjzDHWAgWCV8E8S9UJkqomZA_aem_-1ivh3xStNtLiEJ_0Bzx8w\"><strong>cliquez ici<\/strong><\/a>.<\/p>\n<\/div>\n<\/div>\n\n\n\n<p class=\"has-objektiv-mk-3-font-family\" style=\"margin-top:0;margin-right:0;margin-bottom:0;margin-left:0;padding-top:0;padding-right:0;padding-bottom:0;padding-left:0;font-size:0.9rem;font-style:normal;font-weight:500;line-height:1.5;text-transform:uppercase\">MAI 2025 &#8211; PAR OU\u00cf-DIRE<\/p>\n\n\n\n<div class=\"wp-block-columns is-layout-flex wp-container-core-columns-is-layout-5 wp-block-columns-is-layout-flex\">\n<div class=\"wp-block-column is-layout-flow wp-block-column-is-layout-flow\">\n<figure class=\"wp-block-image size-full\"><img loading=\"lazy\" decoding=\"async\" width=\"1754\" height=\"1240\" src=\"https:\/\/www.atelierpaysage.be\/wp-content\/uploads\/2025\/05\/Sans-titre-1.jpg\" alt=\"\" class=\"wp-image-2469\" srcset=\"https:\/\/www.atelierpaysage.be\/wp-content\/uploads\/2025\/05\/Sans-titre-1.jpg 1754w, https:\/\/www.atelierpaysage.be\/wp-content\/uploads\/2025\/05\/Sans-titre-1-400x283.jpg 400w, https:\/\/www.atelierpaysage.be\/wp-content\/uploads\/2025\/05\/Sans-titre-1-1024x724.jpg 1024w, https:\/\/www.atelierpaysage.be\/wp-content\/uploads\/2025\/05\/Sans-titre-1-768x543.jpg 768w, https:\/\/www.atelierpaysage.be\/wp-content\/uploads\/2025\/05\/Sans-titre-1-1536x1086.jpg 1536w\" sizes=\"(max-width: 1754px) 100vw, 1754px\" \/><\/figure>\n<\/div>\n\n\n\n<div class=\"wp-block-column is-layout-flow wp-block-column-is-layout-flow\" style=\"flex-basis:50%\">\n<div style=\"height:118px\" aria-hidden=\"true\" class=\"wp-block-spacer\"><\/div>\n\n\n\n<p class=\"has-objektiv-mk-3-font-family has-large-font-size\" style=\"margin-top:var(--wp--preset--spacing--30);margin-right:0;margin-bottom:var(--wp--preset--spacing--30);margin-left:0;padding-top:0;padding-right:0;padding-bottom:0;padding-left:0;font-style:normal;font-weight:400\">D\u00e9couvrez comment le Square de l\u2019Amicale et le parc des Roches \u00e0 Rochefort se r\u00e9inventent.<\/p>\n\n\n\n<p class=\"has-objektiv-mk-3-font-family has-large-font-size\" style=\"margin-top:var(--wp--preset--spacing--30);margin-right:0;margin-bottom:var(--wp--preset--spacing--30);margin-left:0;padding-top:0;padding-right:0;padding-bottom:0;padding-left:0;font-style:normal;font-weight:400\"><a href=\"https:\/\/auvio.rtbf.be\/media\/par-oui-dire-par-oui-dire-3203269?fbclid=IwY2xjawEeyaVleHRuA2FlbQIxMQABHc002tT_IrvoLpZ7s4v-zuhXFUvPgbG1HREjzDHWAgWCV8E8S9UJkqomZA_aem_-1ivh3xStNtLiEJ_0Bzx8w\" data-type=\"link\" data-id=\"https:\/\/auvio.rtbf.be\/media\/par-oui-dire-par-oui-dire-3203269?fbclid=IwY2xjawEeyaVleHRuA2FlbQIxMQABHc002tT_IrvoLpZ7s4v-zuhXFUvPgbG1HREjzDHWAgWCV8E8S9UJkqomZA_aem_-1ivh3xStNtLiEJ_0Bzx8w\">Pour \u00e9couter le podcast <\/a><a href=\"https:\/\/auvio.rtbf.be\/media\/par-oui-dire-par-oui-dire-3339743\" data-type=\"link\" data-id=\"https:\/\/auvio.rtbf.be\/media\/par-oui-dire-par-oui-dire-3203269?fbclid=IwY2xjawEeyaVleHRuA2FlbQIxMQABHc002tT_IrvoLpZ7s4v-zuhXFUvPgbG1HREjzDHWAgWCV8E8S9UJkqomZA_aem_-1ivh3xStNtLiEJ_0Bzx8w\"><strong>cliquez ici<\/strong> <\/a> (Auvio) ou <a href=\"https:\/\/open.spotify.com\/episode\/0NZ1Oq3CmMfghJwZ9D82LE?si=d24b84edccc34768\"><strong>cliquez l\u00e0<\/strong><\/a> (Spotify)<\/p>\n<\/div>\n<\/div>\n\n\n\n<div style=\"height:0px\" aria-hidden=\"true\" class=\"wp-block-spacer\"><\/div>\n\n\n\n<p class=\"has-objektiv-mk-3-font-family\" style=\"margin-top:0;margin-right:0;margin-bottom:0;margin-left:0;padding-top:0;padding-right:0;padding-bottom:0;padding-left:0;font-size:0.9rem;font-style:normal;font-weight:500;line-height:1.5;text-transform:uppercase\">DECEMBRE 2024 &#8211; CARTE DE VOEUX<\/p>\n\n\n\n<div style=\"height:0px\" aria-hidden=\"true\" class=\"wp-block-spacer\"><\/div>\n\n\n\n<div class=\"wp-block-columns is-layout-flex wp-container-core-columns-is-layout-6 wp-block-columns-is-layout-flex\">\n<div class=\"wp-block-column is-layout-flow wp-block-column-is-layout-flow\">\n<figure class=\"wp-block-image size-full\"><img loading=\"lazy\" decoding=\"async\" width=\"1754\" height=\"1754\" src=\"http:\/\/www.atelierpaysage.be\/wp-content\/uploads\/2024\/12\/AP-voeux-2025.jpg\" alt=\"\" class=\"wp-image-2453\" srcset=\"https:\/\/www.atelierpaysage.be\/wp-content\/uploads\/2024\/12\/AP-voeux-2025.jpg 1754w, https:\/\/www.atelierpaysage.be\/wp-content\/uploads\/2024\/12\/AP-voeux-2025-400x400.jpg 400w, https:\/\/www.atelierpaysage.be\/wp-content\/uploads\/2024\/12\/AP-voeux-2025-1024x1024.jpg 1024w, https:\/\/www.atelierpaysage.be\/wp-content\/uploads\/2024\/12\/AP-voeux-2025-300x300.jpg 300w, https:\/\/www.atelierpaysage.be\/wp-content\/uploads\/2024\/12\/AP-voeux-2025-768x768.jpg 768w, https:\/\/www.atelierpaysage.be\/wp-content\/uploads\/2024\/12\/AP-voeux-2025-1536x1536.jpg 1536w\" sizes=\"(max-width: 1754px) 100vw, 1754px\" \/><\/figure>\n<\/div>\n\n\n\n<div class=\"wp-block-column is-layout-flow wp-block-column-is-layout-flow\" style=\"flex-basis:50%\">\n<div style=\"height:253px\" aria-hidden=\"true\" class=\"wp-block-spacer\"><\/div>\n\n\n\n<p class=\"has-objektiv-mk-3-font-family has-large-font-size\" style=\"margin-top:var(--wp--preset--spacing--30);margin-right:0;margin-bottom:var(--wp--preset--spacing--30);margin-left:0;padding-top:0;padding-right:0;padding-bottom:0;padding-left:0;font-style:normal;font-weight:400\">Nous vous souhaitons de belles f\u00eates de fin d&rsquo;ann\u00e9e!<\/p>\n<\/div>\n<\/div>\n\n\n\n<div style=\"height:3px\" aria-hidden=\"true\" class=\"wp-block-spacer\"><\/div>\n\n\n\n<p class=\"has-objektiv-mk-3-font-family\" style=\"margin-top:0;margin-right:0;margin-bottom:0;margin-left:0;padding-top:0;padding-right:0;padding-bottom:0;padding-left:0;font-size:0.9rem;font-style:normal;font-weight:500;line-height:1.5;text-transform:uppercase\">JUIN 2024 &#8211; PAR OU\u00cf-DIRE<\/p>\n\n\n\n<div style=\"height:0px\" aria-hidden=\"true\" class=\"wp-block-spacer\"><\/div>\n\n\n\n<div class=\"wp-block-columns is-layout-flex wp-container-core-columns-is-layout-7 wp-block-columns-is-layout-flex\">\n<div class=\"wp-block-column is-layout-flow wp-block-column-is-layout-flow\">\n<figure class=\"wp-block-image size-full\"><a href=\"https:\/\/auvio.rtbf.be\/media\/par-oui-dire-par-oui-dire-3203269?fbclid=IwY2xjawEeyaVleHRuA2FlbQIxMQABHc002tT_IrvoLpZ7s4v-zuhXFUvPgbG1HREjzDHWAgWCV8E8S9UJkqomZA_aem_-1ivh3xStNtLiEJ_0Bzx8w\" target=\"_blank\" rel=\"noreferrer noopener\"><img loading=\"lazy\" decoding=\"async\" width=\"1653\" height=\"1240\" src=\"https:\/\/www.atelierpaysage.be\/wp-content\/uploads\/2023\/12\/AtelierPaysage_Zone-Humide_Chevetogne_9.jpg\" alt=\"\" class=\"wp-image-959\" srcset=\"https:\/\/www.atelierpaysage.be\/wp-content\/uploads\/2023\/12\/AtelierPaysage_Zone-Humide_Chevetogne_9.jpg 1653w, https:\/\/www.atelierpaysage.be\/wp-content\/uploads\/2023\/12\/AtelierPaysage_Zone-Humide_Chevetogne_9-400x300.jpg 400w, https:\/\/www.atelierpaysage.be\/wp-content\/uploads\/2023\/12\/AtelierPaysage_Zone-Humide_Chevetogne_9-1024x768.jpg 1024w, https:\/\/www.atelierpaysage.be\/wp-content\/uploads\/2023\/12\/AtelierPaysage_Zone-Humide_Chevetogne_9-768x576.jpg 768w, https:\/\/www.atelierpaysage.be\/wp-content\/uploads\/2023\/12\/AtelierPaysage_Zone-Humide_Chevetogne_9-1536x1152.jpg 1536w\" sizes=\"(max-width: 1653px) 100vw, 1653px\" \/><\/a><\/figure>\n<\/div>\n\n\n\n<div class=\"wp-block-column is-layout-flow wp-block-column-is-layout-flow\" style=\"flex-basis:50%\">\n<div style=\"height:130px\" aria-hidden=\"true\" class=\"wp-block-spacer\"><\/div>\n\n\n\n<p class=\"has-objektiv-mk-3-font-family has-large-font-size\" style=\"margin-top:var(--wp--preset--spacing--30);margin-right:0;margin-bottom:var(--wp--preset--spacing--30);margin-left:0;padding-top:0;padding-right:0;padding-bottom:0;padding-left:0;font-style:normal;font-weight:400\">Petite balade \u00e0 \u00e9couter avec le chant des grenouilles dans le seconde partie de l&rsquo;\u00e9mission&#8230; <\/p>\n\n\n\n<p class=\"has-objektiv-mk-3-font-family has-large-font-size\" style=\"margin-top:var(--wp--preset--spacing--30);margin-right:0;margin-bottom:var(--wp--preset--spacing--30);margin-left:0;padding-top:0;padding-right:0;padding-bottom:0;padding-left:0;font-style:normal;font-weight:400\"><a href=\"https:\/\/auvio.rtbf.be\/media\/par-oui-dire-par-oui-dire-3203269?fbclid=IwY2xjawEeyaVleHRuA2FlbQIxMQABHc002tT_IrvoLpZ7s4v-zuhXFUvPgbG1HREjzDHWAgWCV8E8S9UJkqomZA_aem_-1ivh3xStNtLiEJ_0Bzx8w\" data-type=\"link\" data-id=\"https:\/\/auvio.rtbf.be\/media\/par-oui-dire-par-oui-dire-3203269?fbclid=IwY2xjawEeyaVleHRuA2FlbQIxMQABHc002tT_IrvoLpZ7s4v-zuhXFUvPgbG1HREjzDHWAgWCV8E8S9UJkqomZA_aem_-1ivh3xStNtLiEJ_0Bzx8w\">Pour \u00e9couter le podcast <strong>cliquez ici<\/strong> !<\/a><\/p>\n<\/div>\n<\/div>\n\n\n\n<div style=\"height:0px\" aria-hidden=\"true\" class=\"wp-block-spacer\"><\/div>\n\n\n\n<p class=\"has-objektiv-mk-3-font-family\" style=\"margin-top:0;margin-right:0;margin-bottom:0;margin-left:0;padding-top:0;padding-right:0;padding-bottom:0;padding-left:0;font-size:0.9rem;font-style:normal;font-weight:500;line-height:1.5;text-transform:uppercase\">Janvier 2024 &#8211; Carte de Voeux<\/p>\n\n\n\n<div style=\"height:0px\" aria-hidden=\"true\" class=\"wp-block-spacer\"><\/div>\n\n\n\n<div class=\"wp-block-columns is-layout-flex wp-container-core-columns-is-layout-8 wp-block-columns-is-layout-flex\">\n<div class=\"wp-block-column is-layout-flow wp-block-column-is-layout-flow\">\n<figure class=\"wp-block-image size-large\"><img loading=\"lazy\" decoding=\"async\" width=\"1024\" height=\"727\" src=\"https:\/\/www.atelierpaysage.be\/wp-content\/uploads\/2024\/01\/AtelierPaysage_Voeux2024-1024x727.jpg\" alt=\"\" class=\"wp-image-1655\" srcset=\"https:\/\/www.atelierpaysage.be\/wp-content\/uploads\/2024\/01\/AtelierPaysage_Voeux2024-1024x727.jpg 1024w, https:\/\/www.atelierpaysage.be\/wp-content\/uploads\/2024\/01\/AtelierPaysage_Voeux2024-400x284.jpg 400w, https:\/\/www.atelierpaysage.be\/wp-content\/uploads\/2024\/01\/AtelierPaysage_Voeux2024-768x545.jpg 768w, https:\/\/www.atelierpaysage.be\/wp-content\/uploads\/2024\/01\/AtelierPaysage_Voeux2024-1536x1090.jpg 1536w, https:\/\/www.atelierpaysage.be\/wp-content\/uploads\/2024\/01\/AtelierPaysage_Voeux2024.jpg 1747w\" sizes=\"(max-width: 1024px) 100vw, 1024px\" \/><\/figure>\n<\/div>\n\n\n\n<div class=\"wp-block-column is-layout-flow wp-block-column-is-layout-flow\" style=\"flex-basis:50%\">\n<div style=\"height:177px\" aria-hidden=\"true\" class=\"wp-block-spacer\"><\/div>\n\n\n\n<p class=\"has-objektiv-mk-3-font-family has-large-font-size\" style=\"margin-top:var(--wp--preset--spacing--30);margin-right:0;margin-bottom:var(--wp--preset--spacing--30);margin-left:0;padding-top:0;padding-right:0;padding-bottom:0;padding-left:0;font-style:normal;font-weight:400\">Nous vous souhaitons le meilleur pour 2024 !<\/p>\n<\/div>\n<\/div>\n\n\n\n<div style=\"height:24px\" aria-hidden=\"true\" class=\"wp-block-spacer\"><\/div>\n\n\n\n<p class=\"has-objektiv-mk-3-font-family\" style=\"margin-top:0;margin-right:0;margin-bottom:0;margin-left:0;padding-top:0;padding-right:0;padding-bottom:0;padding-left:0;font-size:0.9rem;font-style:normal;font-weight:500;line-height:1.5;text-transform:uppercase\">8  d\u00e9cembre 2023 &#8211; Grand Prix d&rsquo;architecture 2023<\/p>\n\n\n\n<div style=\"height:0px\" aria-hidden=\"true\" class=\"wp-block-spacer\"><\/div>\n\n\n\n<div class=\"wp-block-columns is-layout-flex wp-container-core-columns-is-layout-9 wp-block-columns-is-layout-flex\">\n<div class=\"wp-block-column is-layout-flow wp-block-column-is-layout-flow\">\n<div class=\"wp-block-cb-carousel cb-single-slide\" data-slick=\"{&quot;slidesToShow&quot;:1,&quot;slidesToScroll&quot;:1,&quot;speed&quot;:300,&quot;arrows&quot;:false,&quot;dots&quot;:false,&quot;autoplay&quot;:true,&quot;autoplaySpeed&quot;:3000,&quot;infinite&quot;:true,&quot;responsive&quot;:[{&quot;breakpoint&quot;:769,&quot;settings&quot;:{&quot;slidesToShow&quot;:1,&quot;slidesToScroll&quot;:1}}]}\">\n<div class=\"wp-block-cb-slide\">\n<figure class=\"wp-block-image size-large\"><img loading=\"lazy\" decoding=\"async\" width=\"819\" height=\"1024\" src=\"https:\/\/www.atelierpaysage.be\/wp-content\/uploads\/2024\/01\/AtelierPaysage_GrandPrixdArchitecture2023_3-819x1024.jpg\" alt=\"\" class=\"wp-image-1653\" srcset=\"https:\/\/www.atelierpaysage.be\/wp-content\/uploads\/2024\/01\/AtelierPaysage_GrandPrixdArchitecture2023_3-819x1024.jpg 819w, https:\/\/www.atelierpaysage.be\/wp-content\/uploads\/2024\/01\/AtelierPaysage_GrandPrixdArchitecture2023_3-320x400.jpg 320w, https:\/\/www.atelierpaysage.be\/wp-content\/uploads\/2024\/01\/AtelierPaysage_GrandPrixdArchitecture2023_3-768x960.jpg 768w, https:\/\/www.atelierpaysage.be\/wp-content\/uploads\/2024\/01\/AtelierPaysage_GrandPrixdArchitecture2023_3.jpg 992w\" sizes=\"(max-width: 819px) 100vw, 819px\" \/><\/figure>\n<\/div>\n\n\n\n<div class=\"wp-block-cb-slide\">\n<figure class=\"wp-block-image size-large\"><img loading=\"lazy\" decoding=\"async\" width=\"819\" height=\"1024\" src=\"https:\/\/www.atelierpaysage.be\/wp-content\/uploads\/2024\/01\/AtelierPaysage_GrandPrixdArchitecture2023_1-819x1024.jpg\" alt=\"\" class=\"wp-image-1651\" srcset=\"https:\/\/www.atelierpaysage.be\/wp-content\/uploads\/2024\/01\/AtelierPaysage_GrandPrixdArchitecture2023_1-819x1024.jpg 819w, https:\/\/www.atelierpaysage.be\/wp-content\/uploads\/2024\/01\/AtelierPaysage_GrandPrixdArchitecture2023_1-320x400.jpg 320w, https:\/\/www.atelierpaysage.be\/wp-content\/uploads\/2024\/01\/AtelierPaysage_GrandPrixdArchitecture2023_1-768x960.jpg 768w, https:\/\/www.atelierpaysage.be\/wp-content\/uploads\/2024\/01\/AtelierPaysage_GrandPrixdArchitecture2023_1.jpg 992w\" sizes=\"(max-width: 819px) 100vw, 819px\" \/><\/figure>\n<\/div>\n\n\n\n<div class=\"wp-block-cb-slide\">\n<figure class=\"wp-block-image size-large\"><img loading=\"lazy\" decoding=\"async\" width=\"819\" height=\"1024\" src=\"https:\/\/www.atelierpaysage.be\/wp-content\/uploads\/2024\/01\/AtelierPaysage_GrandPrixdArchitecture2023_2-819x1024.jpg\" alt=\"\" class=\"wp-image-1652\" srcset=\"https:\/\/www.atelierpaysage.be\/wp-content\/uploads\/2024\/01\/AtelierPaysage_GrandPrixdArchitecture2023_2-819x1024.jpg 819w, https:\/\/www.atelierpaysage.be\/wp-content\/uploads\/2024\/01\/AtelierPaysage_GrandPrixdArchitecture2023_2-320x400.jpg 320w, https:\/\/www.atelierpaysage.be\/wp-content\/uploads\/2024\/01\/AtelierPaysage_GrandPrixdArchitecture2023_2-768x960.jpg 768w, https:\/\/www.atelierpaysage.be\/wp-content\/uploads\/2024\/01\/AtelierPaysage_GrandPrixdArchitecture2023_2.jpg 992w\" sizes=\"(max-width: 819px) 100vw, 819px\" \/><\/figure>\n<\/div>\n<\/div>\n<\/div>\n\n\n\n<div class=\"wp-block-column is-layout-flow wp-block-column-is-layout-flow\" style=\"flex-basis:50%\">\n<div style=\"height:251px\" aria-hidden=\"true\" class=\"wp-block-spacer\"><\/div>\n\n\n\n<p class=\"has-objektiv-mk-3-font-family has-large-font-size\" style=\"margin-top:var(--wp--preset--spacing--30);margin-right:0;margin-bottom:var(--wp--preset--spacing--30);margin-left:0;padding-top:0;padding-right:0;padding-bottom:0;padding-left:0;font-style:normal;font-weight:400\">Le projet de la zone humide de Chevetogne obtient un prix au \u00ab\u00a0Grand Prix d&rsquo;Architecture 2023\u00a0\u00bb!<\/p>\n\n\n\n<p class=\"has-objektiv-mk-3-font-family has-large-font-size\" style=\"margin-top:var(--wp--preset--spacing--30);margin-right:0;margin-bottom:var(--wp--preset--spacing--30);margin-left:0;padding-top:0;padding-right:0;padding-bottom:0;padding-left:0;font-style:normal;font-weight:400\">Je partage ce prix avec toutes les \u00e9quipes de \u00ab\u00a0penseurs\u00a0\u00bb et\/ou \u00ab\u00a0faiseurs\u00a0\u00bb qui ont permis cette r\u00e9alisation et y contribuent encore &#8230;<\/p>\n<\/div>\n<\/div>\n\n\n\n<div style=\"height:0px\" aria-hidden=\"true\" class=\"wp-block-spacer\"><\/div>\n\n\n\n<p class=\"has-objektiv-mk-3-font-family\" style=\"margin-top:0;margin-right:0;margin-bottom:0;margin-left:0;padding-top:0;padding-right:0;padding-bottom:0;padding-left:0;font-size:0.9rem;font-style:normal;font-weight:500;line-height:1.5;text-transform:uppercase\">17  Novembre 2023 &#8211; Visite en entreprise<\/p>\n\n\n\n<div style=\"height:0px\" aria-hidden=\"true\" class=\"wp-block-spacer\"><\/div>\n\n\n\n<div class=\"wp-block-columns is-layout-flex wp-container-core-columns-is-layout-10 wp-block-columns-is-layout-flex\">\n<div class=\"wp-block-column is-layout-flow wp-block-column-is-layout-flow\">\n<div class=\"wp-block-cb-carousel cb-single-slide\" data-slick=\"{&quot;slidesToShow&quot;:1,&quot;slidesToScroll&quot;:1,&quot;speed&quot;:300,&quot;arrows&quot;:false,&quot;dots&quot;:false,&quot;autoplay&quot;:true,&quot;autoplaySpeed&quot;:3000,&quot;infinite&quot;:true,&quot;responsive&quot;:[{&quot;breakpoint&quot;:769,&quot;settings&quot;:{&quot;slidesToShow&quot;:1,&quot;slidesToScroll&quot;:1}}]}\">\n<div class=\"wp-block-cb-slide\">\n<figure class=\"wp-block-image size-large\"><img loading=\"lazy\" decoding=\"async\" width=\"1024\" height=\"973\" src=\"https:\/\/www.atelierpaysage.be\/wp-content\/uploads\/2024\/01\/AtelierPaysage_VisiteTVB_5-1024x973.jpg\" alt=\"\" class=\"wp-image-1647\" style=\"object-fit:cover\" srcset=\"https:\/\/www.atelierpaysage.be\/wp-content\/uploads\/2024\/01\/AtelierPaysage_VisiteTVB_5-1024x973.jpg 1024w, https:\/\/www.atelierpaysage.be\/wp-content\/uploads\/2024\/01\/AtelierPaysage_VisiteTVB_5-400x380.jpg 400w, https:\/\/www.atelierpaysage.be\/wp-content\/uploads\/2024\/01\/AtelierPaysage_VisiteTVB_5-768x730.jpg 768w, https:\/\/www.atelierpaysage.be\/wp-content\/uploads\/2024\/01\/AtelierPaysage_VisiteTVB_5.jpg 1305w\" sizes=\"(max-width: 1024px) 100vw, 1024px\" \/><\/figure>\n<\/div>\n\n\n\n<div class=\"wp-block-cb-slide\">\n<figure class=\"wp-block-image size-large\"><img loading=\"lazy\" decoding=\"async\" width=\"1024\" height=\"993\" src=\"https:\/\/www.atelierpaysage.be\/wp-content\/uploads\/2024\/01\/AtelierPaysage_VisiteTVB_1-1024x993.jpg\" alt=\"\" class=\"wp-image-1643\" srcset=\"https:\/\/www.atelierpaysage.be\/wp-content\/uploads\/2024\/01\/AtelierPaysage_VisiteTVB_1-1024x993.jpg 1024w, https:\/\/www.atelierpaysage.be\/wp-content\/uploads\/2024\/01\/AtelierPaysage_VisiteTVB_1-400x388.jpg 400w, https:\/\/www.atelierpaysage.be\/wp-content\/uploads\/2024\/01\/AtelierPaysage_VisiteTVB_1-768x745.jpg 768w, https:\/\/www.atelierpaysage.be\/wp-content\/uploads\/2024\/01\/AtelierPaysage_VisiteTVB_1.jpg 1279w\" sizes=\"(max-width: 1024px) 100vw, 1024px\" \/><\/figure>\n<\/div>\n\n\n\n<div class=\"wp-block-cb-slide\">\n<figure class=\"wp-block-image size-large\"><img loading=\"lazy\" decoding=\"async\" width=\"1024\" height=\"993\" src=\"https:\/\/www.atelierpaysage.be\/wp-content\/uploads\/2024\/01\/AtelierPaysage_VisiteTVB_2-1024x993.jpg\" alt=\"\" class=\"wp-image-1644\" srcset=\"https:\/\/www.atelierpaysage.be\/wp-content\/uploads\/2024\/01\/AtelierPaysage_VisiteTVB_2-1024x993.jpg 1024w, https:\/\/www.atelierpaysage.be\/wp-content\/uploads\/2024\/01\/AtelierPaysage_VisiteTVB_2-400x388.jpg 400w, https:\/\/www.atelierpaysage.be\/wp-content\/uploads\/2024\/01\/AtelierPaysage_VisiteTVB_2-768x745.jpg 768w, https:\/\/www.atelierpaysage.be\/wp-content\/uploads\/2024\/01\/AtelierPaysage_VisiteTVB_2.jpg 1279w\" sizes=\"(max-width: 1024px) 100vw, 1024px\" \/><\/figure>\n<\/div>\n\n\n\n<div class=\"wp-block-cb-slide\">\n<figure class=\"wp-block-image size-large\"><img loading=\"lazy\" decoding=\"async\" width=\"1024\" height=\"993\" src=\"https:\/\/www.atelierpaysage.be\/wp-content\/uploads\/2024\/01\/AtelierPaysage_VisiteTVB_4-1024x993.jpg\" alt=\"\" class=\"wp-image-1646\" srcset=\"https:\/\/www.atelierpaysage.be\/wp-content\/uploads\/2024\/01\/AtelierPaysage_VisiteTVB_4-1024x993.jpg 1024w, https:\/\/www.atelierpaysage.be\/wp-content\/uploads\/2024\/01\/AtelierPaysage_VisiteTVB_4-400x388.jpg 400w, https:\/\/www.atelierpaysage.be\/wp-content\/uploads\/2024\/01\/AtelierPaysage_VisiteTVB_4-768x745.jpg 768w, https:\/\/www.atelierpaysage.be\/wp-content\/uploads\/2024\/01\/AtelierPaysage_VisiteTVB_4.jpg 1279w\" sizes=\"(max-width: 1024px) 100vw, 1024px\" \/><\/figure>\n<\/div>\n\n\n\n<div class=\"wp-block-cb-slide\">\n<figure class=\"wp-block-image size-large\"><img loading=\"lazy\" decoding=\"async\" width=\"1024\" height=\"993\" src=\"https:\/\/www.atelierpaysage.be\/wp-content\/uploads\/2024\/01\/AtelierPaysage_VisiteTVB_3-1024x993.jpg\" alt=\"\" class=\"wp-image-1645\" srcset=\"https:\/\/www.atelierpaysage.be\/wp-content\/uploads\/2024\/01\/AtelierPaysage_VisiteTVB_3-1024x993.jpg 1024w, https:\/\/www.atelierpaysage.be\/wp-content\/uploads\/2024\/01\/AtelierPaysage_VisiteTVB_3-400x388.jpg 400w, https:\/\/www.atelierpaysage.be\/wp-content\/uploads\/2024\/01\/AtelierPaysage_VisiteTVB_3-768x745.jpg 768w, https:\/\/www.atelierpaysage.be\/wp-content\/uploads\/2024\/01\/AtelierPaysage_VisiteTVB_3.jpg 1279w\" sizes=\"(max-width: 1024px) 100vw, 1024px\" \/><\/figure>\n<\/div>\n<\/div>\n<\/div>\n\n\n\n<div class=\"wp-block-column is-layout-flow wp-block-column-is-layout-flow\" style=\"flex-basis:50%\">\n<div style=\"height:153px\" aria-hidden=\"true\" class=\"wp-block-spacer\"><\/div>\n\n\n\n<p class=\"has-objektiv-mk-3-font-family has-large-font-size\" style=\"margin-top:var(--wp--preset--spacing--20);margin-right:0;margin-bottom:var(--wp--preset--spacing--20);margin-left:0;padding-top:0;padding-right:0;padding-bottom:0;padding-left:0;font-style:normal;font-weight:400\">Journ\u00e9e de visite en entreprises pour voir la fabrication des mobiliers dessin\u00e9s par notre \u00e9quipe.<\/p>\n\n\n\n<p class=\"has-objektiv-mk-3-font-family has-large-font-size\" style=\"margin-top:var(--wp--preset--spacing--20);margin-right:0;margin-bottom:var(--wp--preset--spacing--20);margin-left:0;padding-top:0;padding-right:0;padding-bottom:0;padding-left:0;font-style:normal;font-weight:400\">Du bois chez TVB \u00e0 Bastogne et du b\u00e9ton chez Interblocs \u00e0 Libramont.<\/p>\n\n\n\n<p class=\"has-objektiv-mk-3-font-family has-large-font-size\" style=\"margin-top:var(--wp--preset--spacing--20);margin-right:0;margin-bottom:var(--wp--preset--spacing--20);margin-left:0;padding-top:0;padding-right:0;padding-bottom:0;padding-left:0;font-style:normal;font-weight:400\">Merci pour le bon accueil !<\/p>\n<\/div>\n<\/div>\n\n\n\n<div style=\"height:20px\" aria-hidden=\"true\" class=\"wp-block-spacer\"><\/div>\n\n\n\n<p class=\"has-objektiv-mk-3-font-family\" style=\"margin-top:0;margin-right:0;margin-bottom:0;margin-left:0;padding-top:0;padding-right:0;padding-bottom:0;padding-left:0;font-size:0.9rem;font-style:normal;font-weight:500;line-height:1.5;text-transform:uppercase\">15 octobre 2023 &#8211; Selection for the European Union Prize<\/p>\n\n\n\n<div style=\"height:0px\" aria-hidden=\"true\" class=\"wp-block-spacer\"><\/div>\n\n\n\n<div style=\"height:0px\" aria-hidden=\"true\" class=\"wp-block-spacer\"><\/div>\n\n\n\n<div class=\"wp-block-columns is-layout-flex wp-container-core-columns-is-layout-11 wp-block-columns-is-layout-flex\">\n<div class=\"wp-block-column is-layout-flow wp-block-column-is-layout-flow\">\n<div class=\"wp-block-cb-carousel cb-single-slide\" data-slick=\"{&quot;slidesToShow&quot;:1,&quot;slidesToScroll&quot;:1,&quot;speed&quot;:300,&quot;arrows&quot;:false,&quot;dots&quot;:false,&quot;autoplay&quot;:true,&quot;autoplaySpeed&quot;:3000,&quot;infinite&quot;:true,&quot;responsive&quot;:[{&quot;breakpoint&quot;:769,&quot;settings&quot;:{&quot;slidesToShow&quot;:1,&quot;slidesToScroll&quot;:1}}]}\">\n<div class=\"wp-block-cb-slide\">\n<figure class=\"wp-block-image size-full\"><img loading=\"lazy\" decoding=\"async\" width=\"899\" height=\"679\" src=\"https:\/\/www.atelierpaysage.be\/wp-content\/uploads\/2023\/12\/AtelierPaysage_Prix_3.jpg\" alt=\"\" class=\"wp-image-1217\" srcset=\"https:\/\/www.atelierpaysage.be\/wp-content\/uploads\/2023\/12\/AtelierPaysage_Prix_3.jpg 899w, https:\/\/www.atelierpaysage.be\/wp-content\/uploads\/2023\/12\/AtelierPaysage_Prix_3-400x302.jpg 400w, https:\/\/www.atelierpaysage.be\/wp-content\/uploads\/2023\/12\/AtelierPaysage_Prix_3-768x580.jpg 768w\" sizes=\"(max-width: 899px) 100vw, 899px\" \/><\/figure>\n<\/div>\n\n\n\n<div class=\"wp-block-cb-slide\">\n<figure class=\"wp-block-image size-large\"><img loading=\"lazy\" decoding=\"async\" width=\"1024\" height=\"768\" src=\"https:\/\/www.atelierpaysage.be\/wp-content\/uploads\/2023\/12\/AtelierPaysage_Zone-Humide_Chevetogne_15-1024x768.jpg\" alt=\"\" class=\"wp-image-965\" srcset=\"https:\/\/www.atelierpaysage.be\/wp-content\/uploads\/2023\/12\/AtelierPaysage_Zone-Humide_Chevetogne_15-1024x768.jpg 1024w, https:\/\/www.atelierpaysage.be\/wp-content\/uploads\/2023\/12\/AtelierPaysage_Zone-Humide_Chevetogne_15-400x300.jpg 400w, https:\/\/www.atelierpaysage.be\/wp-content\/uploads\/2023\/12\/AtelierPaysage_Zone-Humide_Chevetogne_15-768x576.jpg 768w, https:\/\/www.atelierpaysage.be\/wp-content\/uploads\/2023\/12\/AtelierPaysage_Zone-Humide_Chevetogne_15-1536x1152.jpg 1536w, https:\/\/www.atelierpaysage.be\/wp-content\/uploads\/2023\/12\/AtelierPaysage_Zone-Humide_Chevetogne_15.jpg 1654w\" sizes=\"(max-width: 1024px) 100vw, 1024px\" \/><\/figure>\n<\/div>\n\n\n\n<div class=\"wp-block-cb-slide\">\n<figure class=\"wp-block-image size-large\"><img loading=\"lazy\" decoding=\"async\" width=\"1024\" height=\"768\" src=\"https:\/\/www.atelierpaysage.be\/wp-content\/uploads\/2023\/12\/AtelierPaysage_Zone-Humide_Chevetogne_11-1024x768.jpg\" alt=\"\" class=\"wp-image-961\" srcset=\"https:\/\/www.atelierpaysage.be\/wp-content\/uploads\/2023\/12\/AtelierPaysage_Zone-Humide_Chevetogne_11-1024x768.jpg 1024w, https:\/\/www.atelierpaysage.be\/wp-content\/uploads\/2023\/12\/AtelierPaysage_Zone-Humide_Chevetogne_11-400x300.jpg 400w, https:\/\/www.atelierpaysage.be\/wp-content\/uploads\/2023\/12\/AtelierPaysage_Zone-Humide_Chevetogne_11-768x576.jpg 768w, https:\/\/www.atelierpaysage.be\/wp-content\/uploads\/2023\/12\/AtelierPaysage_Zone-Humide_Chevetogne_11-1536x1152.jpg 1536w, https:\/\/www.atelierpaysage.be\/wp-content\/uploads\/2023\/12\/AtelierPaysage_Zone-Humide_Chevetogne_11.jpg 1653w\" sizes=\"(max-width: 1024px) 100vw, 1024px\" \/><\/figure>\n<\/div>\n\n\n\n<div class=\"wp-block-cb-slide\">\n<figure class=\"wp-block-image size-large\"><img loading=\"lazy\" decoding=\"async\" width=\"1024\" height=\"767\" src=\"https:\/\/www.atelierpaysage.be\/wp-content\/uploads\/2023\/12\/AtelierPaysage_Zone-Humide_Chevetogne_0-1024x767.jpg\" alt=\"\" class=\"wp-image-950\" srcset=\"https:\/\/www.atelierpaysage.be\/wp-content\/uploads\/2023\/12\/AtelierPaysage_Zone-Humide_Chevetogne_0-1024x767.jpg 1024w, https:\/\/www.atelierpaysage.be\/wp-content\/uploads\/2023\/12\/AtelierPaysage_Zone-Humide_Chevetogne_0-400x300.jpg 400w, https:\/\/www.atelierpaysage.be\/wp-content\/uploads\/2023\/12\/AtelierPaysage_Zone-Humide_Chevetogne_0-768x575.jpg 768w, https:\/\/www.atelierpaysage.be\/wp-content\/uploads\/2023\/12\/AtelierPaysage_Zone-Humide_Chevetogne_0-1536x1151.jpg 1536w, https:\/\/www.atelierpaysage.be\/wp-content\/uploads\/2023\/12\/AtelierPaysage_Zone-Humide_Chevetogne_0.jpg 1655w\" sizes=\"(max-width: 1024px) 100vw, 1024px\" \/><\/figure>\n<\/div>\n\n\n\n<div class=\"wp-block-cb-slide\">\n<figure class=\"wp-block-image size-large\"><img loading=\"lazy\" decoding=\"async\" width=\"1024\" height=\"768\" src=\"https:\/\/www.atelierpaysage.be\/wp-content\/uploads\/2023\/12\/AtelierPaysage_Zone-Humide_Chevetogne_9-1024x768.jpg\" alt=\"\" class=\"wp-image-959\" srcset=\"https:\/\/www.atelierpaysage.be\/wp-content\/uploads\/2023\/12\/AtelierPaysage_Zone-Humide_Chevetogne_9-1024x768.jpg 1024w, https:\/\/www.atelierpaysage.be\/wp-content\/uploads\/2023\/12\/AtelierPaysage_Zone-Humide_Chevetogne_9-400x300.jpg 400w, https:\/\/www.atelierpaysage.be\/wp-content\/uploads\/2023\/12\/AtelierPaysage_Zone-Humide_Chevetogne_9-768x576.jpg 768w, https:\/\/www.atelierpaysage.be\/wp-content\/uploads\/2023\/12\/AtelierPaysage_Zone-Humide_Chevetogne_9-1536x1152.jpg 1536w, https:\/\/www.atelierpaysage.be\/wp-content\/uploads\/2023\/12\/AtelierPaysage_Zone-Humide_Chevetogne_9.jpg 1653w\" sizes=\"(max-width: 1024px) 100vw, 1024px\" \/><\/figure>\n<\/div>\n<\/div>\n<\/div>\n\n\n\n<div class=\"wp-block-column is-layout-flow wp-block-column-is-layout-flow\" style=\"flex-basis:50%\">\n<div style=\"height:67px\" aria-hidden=\"true\" class=\"wp-block-spacer\"><\/div>\n\n\n\n<p class=\"has-objektiv-mk-3-font-family\" style=\"margin-top:0;margin-right:0;margin-bottom:0;margin-left:0;padding-top:0;padding-right:0;padding-bottom:0;padding-left:0;font-size:0.8rem;font-style:normal;font-weight:400\">Nous sommes tr\u00e8s honor\u00e9s de faire partie de la s\u00e9lection officielle pour le prix de l&rsquo;Union europ\u00e9enne pour l&rsquo;architecture contemporaine &#8211; Mies van der Rohe 2024. <\/p>\n\n\n\n<p class=\"has-objektiv-mk-3-font-family\" style=\"margin-top:var(--wp--preset--spacing--20);margin-right:0;margin-bottom:var(--wp--preset--spacing--20);margin-left:0;padding-top:0;padding-right:0;padding-bottom:0;padding-left:0;font-size:0.8rem;font-style:normal;font-weight:400\">Le projet de la zone humide de Chevetogne est nomin\u00e9 parmi 362 ouvrages d&rsquo;architecture en Europe dont 18 en Belgique et 2 en Wallonie !<\/p>\n\n\n\n<p class=\"has-objektiv-mk-3-font-family has-small-font-size\" style=\"margin-top:var(--wp--preset--spacing--30);margin-right:0;margin-bottom:var(--wp--preset--spacing--30);margin-left:0;padding-top:0;padding-right:0;padding-bottom:0;padding-left:0\"><em>Photos de Maxime Vermeulen<\/em><\/p>\n<\/div>\n<\/div>\n\n\n\n<div style=\"height:0px\" aria-hidden=\"true\" class=\"wp-block-spacer\"><\/div>\n","protected":false},"excerpt":{"rendered":"<p>POUR PLUS D&rsquo;actualit\u00e9S, suivez nous sur les r\u00e9seaux ! MARS 2026 &#8211; JEUDIS DU PAYSAGE Zoom sur le bureau et ses projets lors des Jeudis du Paysage Meilleurs v\u0153ux pour 2026 ! d\u00e9cembre 2025 &#8211; mat\u00e9l\u00e9 R\u00e9trospective sur le Square de l\u2019Amicale. Pour visionner le reportage cliquez ici. MAI 2025 &#8211; PAR OU\u00cf-DIRE D\u00e9couvrez comment [&hellip;]<\/p>\n","protected":false},"author":1,"featured_media":0,"parent":0,"menu_order":0,"comment_status":"closed","ping_status":"closed","template":"page-without-title","meta":{"footnotes":""},"class_list":["post-752","page","type-page","status-publish","hentry"],"_links":{"self":[{"href":"https:\/\/www.atelierpaysage.be\/index.php?rest_route=\/wp\/v2\/pages\/752"}],"collection":[{"href":"https:\/\/www.atelierpaysage.be\/index.php?rest_route=\/wp\/v2\/pages"}],"about":[{"href":"https:\/\/www.atelierpaysage.be\/index.php?rest_route=\/wp\/v2\/types\/page"}],"author":[{"embeddable":true,"href":"https:\/\/www.atelierpaysage.be\/index.php?rest_route=\/wp\/v2\/users\/1"}],"replies":[{"embeddable":true,"href":"https:\/\/www.atelierpaysage.be\/index.php?rest_route=%2Fwp%2Fv2%2Fcomments&post=752"}],"version-history":[{"count":34,"href":"https:\/\/www.atelierpaysage.be\/index.php?rest_route=\/wp\/v2\/pages\/752\/revisions"}],"predecessor-version":[{"id":2627,"href":"https:\/\/www.atelierpaysage.be\/index.php?rest_route=\/wp\/v2\/pages\/752\/revisions\/2627"}],"wp:attachment":[{"href":"https:\/\/www.atelierpaysage.be\/index.php?rest_route=%2Fwp%2Fv2%2Fmedia&parent=752"}],"curies":[{"name":"wp","href":"https:\/\/api.w.org\/{rel}","templated":true}]}}